{"id":8916,"date":"2020-08-25T12:31:01","date_gmt":"2020-08-25T12:31:01","guid":{"rendered":"https:\/\/www.voluntariness.org\/home\/"},"modified":"2026-03-20T09:58:38","modified_gmt":"2026-03-20T08:58:38","slug":"home","status":"publish","type":"page","link":"https:\/\/www.voluntariness.org\/de\/","title":{"rendered":"Home"},"content":{"rendered":"<section class=\"l-section wpb_row us_custom_48bb0417 height_medium full_height valign_top color_primary\"><div class=\"l-section-h i-cf\"><div class=\"g-cols vc_row via_flex valign_top type_default stacking_default\"><div class=\"vc_col-sm-12 vc_hidden-lg vc_hidden-md wpb_column vc_column_container stretched\"><div class=\"vc_column-inner\"><div class=\"wpb_wrapper\"><div class=\"w-image us_custom_fe4a50ee align_left\"><div class=\"w-image-h\"><img decoding=\"async\" width=\"250\" height=\"250\" src=\"https:\/\/www.voluntariness.org\/wp-content\/uploads\/sites\/2\/2021\/02\/01_fv_logo_header-300x300.png\" class=\"attachment-medium size-medium\" alt=\"\" loading=\"lazy\" srcset=\"https:\/\/www.voluntariness.org\/wp-content\/uploads\/sites\/2\/2021\/02\/01_fv_logo_header-300x300.png 300w, https:\/\/www.voluntariness.org\/wp-content\/uploads\/sites\/2\/2021\/02\/01_fv_logo_header-150x150.png 150w, https:\/\/www.voluntariness.org\/wp-content\/uploads\/sites\/2\/2021\/02\/01_fv_logo_header.png 710w\" sizes=\"auto, (max-width: 250px) 100vw, 250px\" \/><\/div><\/div><div class=\"w-separator size_custom\" style=\"height:10vh\"><\/div><div class=\"wpb_text_column\"><div class=\"wpb_wrapper\"><h1 style=\"text-align: center\">Freiwilligkeit<\/h1>\n<p style=\"text-align: center\">Geschichte | Gesellschaft | Theorie<\/p>\n<\/div><\/div><\/div><\/div><\/div><\/div><\/div><\/section><section class=\"l-section wpb_row height_small\"><div class=\"l-section-h i-cf\"><div class=\"g-cols vc_row via_flex valign_middle type_default stacking_default\"><div class=\"vc_col-sm-4 wpb_column vc_column_container us_animate_afl stretched\"><div class=\"vc_column-inner us_custom_53f22c2c\"><div class=\"wpb_wrapper\"><div class=\"wpb_text_column\"><div class=\"wpb_wrapper\"><h1>Unser Blog<\/h1>\n<\/div><\/div><div class=\"w-separator size_small\"><\/div><div class=\"wpb_text_column us_custom_432d3f53\"><div class=\"wpb_wrapper\"><p>Freiwilligkeit bedeutet mehr als freiwilliges gesellschaftliches Engagement. Aufforderungen zu freiwilliger Selbstf\u00fchrung, gesellschaftlich erw\u00fcnschtem Verhalten und Selbstaufopferung durchdringen unseren Alltag. So werden wir beispielsweise dazu angehalten, gut auf unsere K\u00f6rper zu achten und das Beste aus unserem Leben zu machen. Es wird von uns als verantwortungsvollen B\u00fcrger*innen erwartet, \u00dcberstunden zu machen (weil wir unsere Jobs so lieben) oder die Corona-App zu nutzen und vieles mehr. Derartige Freiwilligkeitspraktiken stellen einerseits Freiheitsakte dar, werden aber gleichzeitig durch vielf\u00e4ltige Erwartungen und Bedingungen, die wir nicht beeinflussen k\u00f6nnen, erst erm\u00f6glicht, bef\u00f6rdert und manchmal herausgefordert.<\/p>\n<\/div><\/div><\/div><\/div><\/div><div class=\"vc_col-sm-8 wpb_column vc_column_container us_animate_afr stretched\"><div class=\"vc_column-inner\"><div class=\"wpb_wrapper\"><div class=\"w-image us_custom_5e8a7298 has_ratio align_none\"><div class=\"w-image-h\"><div style=\"padding-bottom:56.25%\"><\/div><img decoding=\"async\" width=\"1024\" height=\"634\" src=\"https:\/\/www.voluntariness.org\/wp-content\/uploads\/sites\/2\/2021\/03\/blog-1024x634.png\" class=\"attachment-large size-large\" alt=\"\" loading=\"lazy\" \/><\/div><\/div><\/div><\/div><\/div><\/div><\/div><\/section><section class=\"l-section wpb_row height_small\"><div class=\"l-section-h i-cf\"><div class=\"g-cols vc_row via_flex valign_top type_default stacking_default equal_height\"><div class=\"vc_col-sm-12 wpb_column vc_column_container stretched\"><div class=\"vc_column-inner us_custom_53f22c2c\"><div class=\"wpb_wrapper\"><div class=\"wpb_text_column us_custom_8bea829d\"><div class=\"wpb_wrapper\"><p>Dieser Blog erkundet die Machtstrukturen und -praktiken von Freiwilligkeit und wie Menschen und Gesellschaften \u00fcber Freiwilligkeit regiert werden. Wir gehen der Frage nach, unter welchen Bedingungen dies funktioniert und wie sich Freiwilligkeit im Laufe der Zeit und an verschiedenen Orten ver\u00e4ndert hat. Unser Blog wird von einer Vielzahl an Autor*innen mit individuellen Einzelbeitr\u00e4gen gestaltet. Diese haben ihre jeweils eigene Perspektive auf Freiwilligkeit, innerhalb derer sie den Begriff unterschiedlich gewichten und diskutieren. Beitr\u00e4ge von Mitgliedern der Forschungsgruppe geben einen Einblick, wie wir Freiwilligkeit als vielf\u00e4ltiges analytisches Konzept verstehen m\u00f6chten und welche methodologischen Werkzeuge uns daf\u00fcr wichtig erscheinen. Gleichzeitig m\u00f6chten wir m\u00f6glichst viele Perspektiven auf Freiwilligkeit aufzeigen und auch externe Autor*innen zu Wort kommen lassen. Die Bandbreite unserer eigenen Themen und Ans\u00e4tze ist bereits sehr divers und auf die spezifischen Fragen unserer Projekte zugeschnitten. Gastbeitr\u00e4ge erweitern unser Blickfeld nochmals und helfen uns, kritisch miteinander in Dialog zu kommen oder auch kontr\u00e4re Ans\u00e4tze zu vergleichen. Wir laden Sie ein, unsere monatlichen Beitr\u00e4ge zu verfolgen und \u00fcber Kommentare an der Diskussion unserer Themen teilzunehmen.<\/p>\n<\/div><\/div><\/div><\/div><\/div><\/div><\/div><\/section><section class=\"l-section wpb_row height_medium color_secondary\"><div class=\"l-section-h i-cf\"><div class=\"g-cols vc_row via_flex valign_top type_default stacking_default\"><div class=\"vc_col-sm-12 wpb_column vc_column_container\"><div class=\"vc_column-inner\"><div class=\"wpb_wrapper\"><div class=\"wpb_text_column\"><div class=\"wpb_wrapper\"><h2 style=\"text-align: center\">Aktuelle Posts<\/h2>\n<\/div><\/div><div class=\"w-separator size_small\"><\/div><div class=\"w-grid us_carousel us_custom_5784ee0c type_carousel layout_7756 preload_style_spinner items_3\" id=\"us_grid_1\" style=\"--items:3;--gap:2.5rem;\"><style>@media (min-width:1024px){#us_grid_1 .w-post-elm.post_title{font-size:1.6rem!important}}.layout_7756 .w-grid-item-h{}.layout_7756 .usg_post_image_1{width:30%!important;margin-right:5%!important;margin-left:0!important}.layout_7756 .usg_vwrapper_1{width:65%!important}.layout_7756 .usg_post_title_1{font-size:1.8rem!important}.layout_7756 .usg_hwrapper_2{color:var(--color-content-faded)!important;font-size:0.9rem!important}.layout_7756 .usg_post_date_1{color:var(--color-content-primary)!important}@media (max-width:600px){.layout_7756 .usg_post_image_1{width:100%!important;margin-right:0!important;margin-left:0!important;margin-bottom:5%!important}.layout_7756 .usg_vwrapper_1{width:100%!important}}<\/style><div class=\"w-grid-list owl-carousel valign_stretch dotstyle_circle navstyle_3 arrows-ver-pos_middle arrows-hor-pos_on_sides_outside arrows-disabled_hide owl-responsive-2000 with_dots with_arrows\" style=\"--transition-duration:800ms;--arrows-size:1.5rem;--arrows-hor-offset:calc(0px + 2.5rem);--arrows-gap:10px;\">\t<article class=\"w-grid-item post-16379 post type-post status-publish format-standard has-post-thumbnail hentry category-blog-de tag-dienst tag-engagement tag-jugend tag-krise-de-2 tag-pflicht-de\" data-id=\"16379\">\r\n\t\t<div class=\"w-grid-item-h\">\r\n\t\t\t\t\t\t<div class=\"w-hwrapper usg_hwrapper_1 align_left valign_top wrap\"><div class=\"w-post-elm post_image usg_post_image_1 as_circle has_width has_ratio\"><a href=\"https:\/\/www.voluntariness.org\/de\/mit-freiwilligen-auf-augenhoehe\/\" aria-label=\"Mit Freiwilligen auf Augenh\u00f6he\"><img loading=\"lazy\" decoding=\"async\" width=\"834\" height=\"1331\" src=\"https:\/\/www.voluntariness.org\/wp-content\/uploads\/sites\/2\/2026\/01\/Schule-1.jpg\" class=\"attachment-us_600_600_crop size-us_600_600_crop wp-post-image\" alt=\"\" \/><\/a><div style=\"padding-bottom:100%\"><\/div><\/div><div class=\"w-vwrapper usg_vwrapper_1 align_left valign_top\"><h2 class=\"w-post-elm post_title usg_post_title_1 entry-title color_link_inherit\"><a href=\"https:\/\/www.voluntariness.org\/de\/mit-freiwilligen-auf-augenhoehe\/\">Mit Freiwilligen auf Augenh\u00f6he<\/a><\/h2><div class=\"w-hwrapper usg_hwrapper_2 has_text_color align_left valign_top wrap\"><time class=\"w-post-elm post_date usg_post_date_1 has_text_color entry-date published\" datetime=\"2026-04-17T10:00:27+02:00\" title=\"17 April 2026 um 10:00:27 Europe\/Berlin\u00a0Uhr\">17 Apr. um 10:00\u00a0Uhr<\/time><\/div><div class=\"w-post-elm post_content usg_post_content_1\"><p>Von Ronja H\u00e4hnlein<\/p>\n<p>Zivilgesellschaftliches Engagement wird oft in einem Spektrum zwischen Aufrufen zu mehr freiwilligem sozialen Commitment und politisch gewollten Dienstpflichten diskutiert. Nur selten werden konkrete Chancen dadurch beschrieben. Post zwei zum Wert des Jugendfreiwilligendienstes geht genauer darauf ein \u2013 und thematisiert auch was verloren gehen kann, wenn aus Freiwilligkeit Pflicht wird.<\/p>\n<\/div><\/div><\/div>\t\t<\/div>\r\n\t\t\t<\/article>\r\n\t<article class=\"w-grid-item post-15969 post type-post status-publish format-standard has-post-thumbnail hentry category-blog-de category-unkategorisiert tag-debatte tag-freiwilligendienst tag-krise-de-2 tag-pflicht-de\" data-id=\"15969\">\r\n\t\t<div class=\"w-grid-item-h\">\r\n\t\t\t\t\t\t<div class=\"w-hwrapper usg_hwrapper_1 align_left valign_top wrap\"><div class=\"w-post-elm post_image usg_post_image_1 as_circle has_width has_ratio\"><a href=\"https:\/\/www.voluntariness.org\/de\/jugendfreiwilligendienst-als-gewinn\/\" aria-label=\"Jugendfreiwilligen-Dienst als Gewinn?\"><img loading=\"lazy\" decoding=\"async\" width=\"600\" height=\"600\" src=\"https:\/\/www.voluntariness.org\/wp-content\/uploads\/sites\/2\/2026\/01\/soziale-Einrichtungen_600.jpg\" class=\"attachment-us_600_600_crop size-us_600_600_crop wp-post-image\" alt=\"\" \/><\/a><div style=\"padding-bottom:100%\"><\/div><\/div><div class=\"w-vwrapper usg_vwrapper_1 align_left valign_top\"><h2 class=\"w-post-elm post_title usg_post_title_1 entry-title color_link_inherit\"><a href=\"https:\/\/www.voluntariness.org\/de\/jugendfreiwilligendienst-als-gewinn\/\">Jugendfreiwilligen-Dienst als Gewinn?<\/a><\/h2><div class=\"w-hwrapper usg_hwrapper_2 has_text_color align_left valign_top wrap\"><time class=\"w-post-elm post_date usg_post_date_1 has_text_color entry-date published\" datetime=\"2026-02-10T09:00:00+01:00\" title=\"10 Februar 2026 um 09:00:00 Europe\/Berlin\u00a0Uhr\">10 Feb. um 9:00\u00a0Uhr<\/time><\/div><div class=\"w-post-elm post_content usg_post_content_1\"><p>Von Ronja H\u00e4hnlein<\/p>\n<p>Sie z\u00e4hlen Zugv\u00f6gel, sie teilen Mittagessen aus, sie schneiden Radiosendungen \u2013 Freiwilligendienst-leistende widmen ein Jahr ihres Lebens dem gesellschaftlichen Engagement. Doch welche Anerkennung findet das? Welchen Stellenwert hat der Dienst in Politik und Gesellschaft? Wie wichtig ist der Charakter der Freiwilligkeit? Ein Kommentar von Ronja H\u00e4hnlein, ehemalige FSJlerin und Teamerin von Freiwilligen im Th\u00fcringer Kultur- und Politikbereich.<\/p>\n<\/div><\/div><\/div>\t\t<\/div>\r\n\t\t\t<\/article>\r\n\t<article class=\"w-grid-item post-15908 post type-post status-publish format-standard has-post-thumbnail hentry category-blog-de category-unkategorisiert tag-ethik tag-freiwilligkeit tag-geschichte tag-moral-de tag-reflexiv tag-subjekt tag-voluntariness-de\" data-id=\"15908\">\r\n\t\t<div class=\"w-grid-item-h\">\r\n\t\t\t\t\t\t<div class=\"w-hwrapper usg_hwrapper_1 align_left valign_top wrap\"><div class=\"w-post-elm post_image usg_post_image_1 as_circle has_width has_ratio\"><a href=\"https:\/\/www.voluntariness.org\/de\/geschichtswissenschaft-und-moral\/\" aria-label=\"Moral History &#8211; Ein Workshop zur Bestandsaufnahme\"><img loading=\"lazy\" decoding=\"async\" width=\"2202\" height=\"2202\" src=\"https:\/\/www.voluntariness.org\/wp-content\/uploads\/sites\/2\/2025\/12\/moral-history-square-1.jpg\" class=\"attachment-us_600_600_crop size-us_600_600_crop wp-post-image\" alt=\"\" \/><\/a><div style=\"padding-bottom:100%\"><\/div><\/div><div class=\"w-vwrapper usg_vwrapper_1 align_left valign_top\"><h2 class=\"w-post-elm post_title usg_post_title_1 entry-title color_link_inherit\"><a href=\"https:\/\/www.voluntariness.org\/de\/geschichtswissenschaft-und-moral\/\">Moral History &#8211; Ein Workshop zur Bestandsaufnahme<\/a><\/h2><div class=\"w-hwrapper usg_hwrapper_2 has_text_color align_left valign_top wrap\"><time class=\"w-post-elm post_date usg_post_date_1 has_text_color entry-date published\" datetime=\"2025-12-23T14:09:20+01:00\" title=\"23 Dezember 2025 um 14:09:20 Europe\/Berlin\u00a0Uhr\">23. Dezember 2025<\/time><\/div><div class=\"w-post-elm post_content usg_post_content_1\"><p>Von Meike Katzek<\/p>\n<p>Seit einigen Jahren r\u00fcckt das Thema \u201eMoral\u201c immer weiter in den Blickpunkt Geschichtswissenschaftlicher Forschung. Zugleich sehen sich kritische Historiker*innen vermehrt Angriffen ausgesetzt, die ihre Forschung als \u201eideologisch\u201d verurteilen. Fragen dazu diskutierten Wissenschaftler*innen bei unserem zweit\u00e4gigen Workshop \u201eMoral History\u201c, Mitorganisatorin Meike Katzek fasst die Hauptpunkte zusammen.<\/p>\n<\/div><\/div><\/div>\t\t<\/div>\r\n\t\t\t<\/article>\r\n\t<article class=\"w-grid-item post-15660 post type-post status-publish format-standard has-post-thumbnail hentry category-blog-de category-blog tag-freiwilligkeit tag-pflicht-de tag-staatsbuergersein tag-wehrdienst tag-wehrdienst-2\" data-id=\"15660\">\r\n\t\t<div class=\"w-grid-item-h\">\r\n\t\t\t\t\t\t<div class=\"w-hwrapper usg_hwrapper_1 align_left valign_top wrap\"><div class=\"w-post-elm post_image usg_post_image_1 as_circle has_width has_ratio\"><a href=\"https:\/\/www.voluntariness.org\/de\/wehrdienst\/\" aria-label=\"Wehrdienst: Pflicht und Recht von Staatsb\u00fcrgerlichkeit\"><img loading=\"lazy\" decoding=\"async\" width=\"1920\" height=\"1440\" src=\"https:\/\/www.voluntariness.org\/wp-content\/uploads\/sites\/2\/2025\/10\/wehrdienst_spielzeugsoldaten_web.jpg\" class=\"attachment-us_600_600_crop size-us_600_600_crop wp-post-image\" alt=\"\" \/><\/a><div style=\"padding-bottom:100%\"><\/div><\/div><div class=\"w-vwrapper usg_vwrapper_1 align_left valign_top\"><h2 class=\"w-post-elm post_title usg_post_title_1 entry-title color_link_inherit\"><a href=\"https:\/\/www.voluntariness.org\/de\/wehrdienst\/\">Wehrdienst: Pflicht und Recht von Staatsb\u00fcrgerlichkeit<\/a><\/h2><div class=\"w-hwrapper usg_hwrapper_2 has_text_color align_left valign_top wrap\"><time class=\"w-post-elm post_date usg_post_date_1 has_text_color entry-date published\" datetime=\"2025-10-24T12:00:00+02:00\" title=\"24 Oktober 2025 um 12:00:00 Europe\/Berlin\u00a0Uhr\">24. Oktober 2025<\/time><\/div><div class=\"w-post-elm post_content usg_post_content_1\"><p>Von Nina Leonhard<\/p>\n<p>&#8220;Modern, freiwillig und mit einer starken Reserve&#8221; \u2013 so hei\u00dft es bislang in den Erl\u00e4uterungen zum &#8220;Neuen Wehrdienst&#8221; auf der Internetseite des Bundesministeriums f\u00fcr Verteidigung, \u00fcber den ein Koalitionsstreit entbrannt ist. Im Kern geht es um die Frage, ob in der Neufassung des Gesetzes, das 2026 in Kraft treten soll, allein auf Freiwilligkeit gesetzt oder auch die M\u00f6glichkeit eines verpflichtenden Dienstes einger\u00e4umt werden soll. Die Debatte strukturiert und kommentiert die Milit\u00e4rsoziologin Nina Leonhard. <\/p>\n<\/div><\/div><\/div>\t\t<\/div>\r\n\t\t\t<\/article>\r\n\t<article class=\"w-grid-item post-15362 post type-post status-publish format-standard has-post-thumbnail hentry category-blog-de tag-aktivismus tag-frauen tag-ghana-de tag-postkolonial tag-solidaritat\" data-id=\"15362\">\r\n\t\t<div class=\"w-grid-item-h\">\r\n\t\t\t\t\t\t<div class=\"w-hwrapper usg_hwrapper_1 align_left valign_top wrap\"><div class=\"w-post-elm post_image usg_post_image_1 as_circle has_width has_ratio\"><a href=\"https:\/\/www.voluntariness.org\/de\/of-voluntariness-solidarity-and-resilience\/\" aria-label=\"Of Voluntariness, Solidarity and Resilience\"><img loading=\"lazy\" decoding=\"async\" width=\"1920\" height=\"1024\" src=\"https:\/\/www.voluntariness.org\/wp-content\/uploads\/sites\/2\/2021\/08\/Tur_13.jpg\" class=\"attachment-us_600_600_crop size-us_600_600_crop wp-post-image\" alt=\"\" \/><\/a><div style=\"padding-bottom:100%\"><\/div><\/div><div class=\"w-vwrapper usg_vwrapper_1 align_left valign_top\"><h2 class=\"w-post-elm post_title usg_post_title_1 entry-title color_link_inherit\"><a href=\"https:\/\/www.voluntariness.org\/de\/of-voluntariness-solidarity-and-resilience\/\">Of Voluntariness, Solidarity and Resilience<\/a><\/h2><div class=\"w-hwrapper usg_hwrapper_2 has_text_color align_left valign_top wrap\"><time class=\"w-post-elm post_date usg_post_date_1 has_text_color entry-date published\" datetime=\"2025-08-28T15:30:00+02:00\" title=\"28 August 2025 um 15:30:00 Europe\/Berlin\u00a0Uhr\">28. August 2025<\/time><\/div><div class=\"w-post-elm post_content usg_post_content_1\"><p>Von Gifty Nyame Tabiri<\/p>\n<p>*** Dieser Beitrag ist nur auf Englisch verf\u00fcgbar. ***<\/p>\n<\/div><\/div><\/div>\t\t<\/div>\r\n\t\t\t<\/article>\r\n\t<article class=\"w-grid-item post-15438 post type-post status-publish format-standard has-post-thumbnail hentry category-blog-de tag-community-kapitalismus tag-gemeinsinn-de tag-krise-de-2 tag-pflicht-de\" data-id=\"15438\">\r\n\t\t<div class=\"w-grid-item-h\">\r\n\t\t\t\t\t\t<div class=\"w-hwrapper usg_hwrapper_1 align_left valign_top wrap\"><div class=\"w-post-elm post_image usg_post_image_1 as_circle has_width has_ratio\"><a href=\"https:\/\/www.voluntariness.org\/de\/organisierter-gemeinsinn-in-krisenzeiten\/\" aria-label=\"Organisierter Gemeinsinn in Krisenzeiten\"><img loading=\"lazy\" decoding=\"async\" width=\"2560\" height=\"1812\" src=\"https:\/\/www.voluntariness.org\/wp-content\/uploads\/sites\/2\/2025\/07\/community-puzzle-scaled.jpg\" class=\"attachment-us_600_600_crop size-us_600_600_crop wp-post-image\" alt=\"\" \/><\/a><div style=\"padding-bottom:100%\"><\/div><\/div><div class=\"w-vwrapper usg_vwrapper_1 align_left valign_top\"><h2 class=\"w-post-elm post_title usg_post_title_1 entry-title color_link_inherit\"><a href=\"https:\/\/www.voluntariness.org\/de\/organisierter-gemeinsinn-in-krisenzeiten\/\">Organisierter Gemeinsinn in Krisenzeiten<\/a><\/h2><div class=\"w-hwrapper usg_hwrapper_2 has_text_color align_left valign_top wrap\"><time class=\"w-post-elm post_date usg_post_date_1 has_text_color entry-date published\" datetime=\"2025-07-24T10:30:00+02:00\" title=\"24 Juli 2025 um 10:30:00 Europe\/Berlin\u00a0Uhr\">24. Juli 2025<\/time><\/div><div class=\"w-post-elm post_content usg_post_content_1\"><p>Von Silke van Dyk<\/p>\n<p>In Krisenzeiten wird von politischer Seite gerne die Bedeutung des zivilgesellschaftlichen Engagements f\u00fcr den gesellschaftlichen Zusammenhalt betont. Zuletzt ist in diesem Zusammenhang nicht nur eine Anrufung freiwilligen Engagements zu beobachten, sondern auch die Forderung nach einem sozialen Pflichtjahr f\u00fcr junge Menschen. Bef\u00fcrworter*innen betonen seine integrative Kraft und Bedeutung in Zeiten abnehmenden freiwilligen Commitments. Kritiker*innen verweisen auf die verfassungs-rechtlichen H\u00fcrden und die Gefahr der Ausbeutung. Silke van Dyk diskutiert die Pro- und Contra-Argumente in unserem aktuellen Blogpost.<\/p>\n<\/div><\/div><\/div>\t\t<\/div>\r\n\t\t\t<\/article>\r\n\t<article class=\"w-grid-item post-15230 post type-post status-publish format-standard has-post-thumbnail hentry category-blog-de category-blog tag-erste-hilfe tag-freiwilligenarbeit-de tag-freiwilligkeit tag-gemeinschaft tag-klasse tag-meidcal-aid\" data-id=\"15230\">\r\n\t\t<div class=\"w-grid-item-h\">\r\n\t\t\t\t\t\t<div class=\"w-hwrapper usg_hwrapper_1 align_left valign_top wrap\"><div class=\"w-post-elm post_image usg_post_image_1 as_circle has_width has_ratio\"><a href=\"https:\/\/www.voluntariness.org\/de\/vienna-calling\/\" aria-label=\"Vienna Calling\"><img loading=\"lazy\" decoding=\"async\" width=\"1920\" height=\"1024\" src=\"https:\/\/www.voluntariness.org\/wp-content\/uploads\/sites\/2\/2021\/08\/Tur_13.jpg\" class=\"attachment-us_600_600_crop size-us_600_600_crop wp-post-image\" alt=\"\" \/><\/a><div style=\"padding-bottom:100%\"><\/div><\/div><div class=\"w-vwrapper usg_vwrapper_1 align_left valign_top\"><h2 class=\"w-post-elm post_title usg_post_title_1 entry-title color_link_inherit\"><a href=\"https:\/\/www.voluntariness.org\/de\/vienna-calling\/\">Vienna Calling<\/a><\/h2><div class=\"w-hwrapper usg_hwrapper_2 has_text_color align_left valign_top wrap\"><time class=\"w-post-elm post_date usg_post_date_1 has_text_color entry-date published\" datetime=\"2025-02-14T11:30:32+01:00\" title=\"14 Februar 2025 um 11:30:32 Europe\/Berlin\u00a0Uhr\">14. Februar 2025<\/time><\/div><div class=\"w-post-elm post_content usg_post_content_1\"><p>Von Alexander Oberm\u00fcller<\/p>\n<p>*** Dieser Beitrag ist nur auf Englisch verf\u00fcgbar. ***<\/p>\n<\/div><\/div><\/div>\t\t<\/div>\r\n\t\t\t<\/article>\r\n\t<article class=\"w-grid-item post-15102 post type-post status-publish format-standard has-post-thumbnail hentry category-blog-de tag-freiwilligkeit tag-hilfe tag-humanitarismus tag-indien tag-kolonialismus\" data-id=\"15102\">\r\n\t\t<div class=\"w-grid-item-h\">\r\n\t\t\t\t\t\t<div class=\"w-hwrapper usg_hwrapper_1 align_left valign_top wrap\"><div class=\"w-post-elm post_image usg_post_image_1 as_circle has_width has_ratio\"><a href=\"https:\/\/www.voluntariness.org\/de\/geben-als-akt-der-freiwilligkeit\/\" aria-label=\"Geben als Akt der Freiwilligkeit?\"><img loading=\"lazy\" decoding=\"async\" width=\"2560\" height=\"1706\" src=\"https:\/\/www.voluntariness.org\/wp-content\/uploads\/sites\/2\/2024\/12\/rotes-kreuz-harald-mueller-unsplash_cropped-scaled.jpg\" class=\"attachment-us_600_600_crop size-us_600_600_crop wp-post-image\" alt=\"\" \/><\/a><div style=\"padding-bottom:100%\"><\/div><\/div><div class=\"w-vwrapper usg_vwrapper_1 align_left valign_top\"><h2 class=\"w-post-elm post_title usg_post_title_1 entry-title color_link_inherit\"><a href=\"https:\/\/www.voluntariness.org\/de\/geben-als-akt-der-freiwilligkeit\/\">Geben als Akt der Freiwilligkeit?<\/a><\/h2><div class=\"w-hwrapper usg_hwrapper_2 has_text_color align_left valign_top wrap\"><time class=\"w-post-elm post_date usg_post_date_1 has_text_color entry-date published\" datetime=\"2024-12-11T09:30:25+01:00\" title=\"11 Dezember 2024 um 09:30:25 Europe\/Berlin\u00a0Uhr\">11. Dezember 2024<\/time><\/div><div class=\"w-post-elm post_content usg_post_content_1\"><p>Von Maria Framke<\/p>\n<p>Welche Motive standen hinter freiwilliger humanit\u00e4rer Hilfe durch Inderinnen und Inder in der Zeit der beiden Weltkriege? Welche M\u00f6glichkeiten zu freiwilligem Engagement oder unterst\u00fctzenden Spenden bestanden innerhalb kolonialer Machtverh\u00e4ltnisse, die daf\u00fcr oftmals komplizierte oder sogar hinderliche Bedingungen boten? Diesen Fragen geht Maria Framke als Historikerin des modernen S\u00fcdasiens in diesem Blogpost nach.<\/p>\n<\/div><\/div><\/div>\t\t<\/div>\r\n\t\t\t<\/article>\r\n\t<article class=\"w-grid-item post-14854 post type-post status-publish format-standard has-post-thumbnail hentry category-blog-de category-blog tag-begehren tag-freiwilligkeit tag-gouvernementalitat tag-subjekt tag-usa-de\" data-id=\"14854\">\r\n\t\t<div class=\"w-grid-item-h\">\r\n\t\t\t\t\t\t<div class=\"w-hwrapper usg_hwrapper_1 align_left valign_top wrap\"><div class=\"w-post-elm post_image usg_post_image_1 as_circle has_width has_ratio\"><a href=\"https:\/\/www.voluntariness.org\/de\/das-lockesche-subjekt\/\" aria-label=\"Das Lockesche Subjekt\"><img loading=\"lazy\" decoding=\"async\" width=\"2388\" height=\"1396\" src=\"https:\/\/www.voluntariness.org\/wp-content\/uploads\/sites\/2\/2024\/07\/2024_08_blog_locke_signature-01.png\" class=\"attachment-us_600_600_crop size-us_600_600_crop wp-post-image\" alt=\"\" \/><\/a><div style=\"padding-bottom:100%\"><\/div><\/div><div class=\"w-vwrapper usg_vwrapper_1 align_left valign_top\"><h2 class=\"w-post-elm post_title usg_post_title_1 entry-title color_link_inherit\"><a href=\"https:\/\/www.voluntariness.org\/de\/das-lockesche-subjekt\/\">Das Lockesche Subjekt<\/a><\/h2><div class=\"w-hwrapper usg_hwrapper_2 has_text_color align_left valign_top wrap\"><time class=\"w-post-elm post_date usg_post_date_1 has_text_color entry-date published\" datetime=\"2024-08-22T12:00:00+02:00\" title=\"22 August 2024 um 12:00:00 Europe\/Berlin\u00a0Uhr\">22. August 2024<\/time><\/div><div class=\"w-post-elm post_content usg_post_content_1\"><p>Von J\u00fcrgen Martschukat<\/p>\n<p>Der Mensch als sich selbst geh\u00f6render, autonomer, freiwillig agierender Handlungstr\u00e4ger hat sich seit dem 17. Jahrhundert in das liberale politische Denken eingenistet. Im neoliberalen Zeitalter der letzten rund 50 Jahre hat er das politische und allt\u00e4gliche Handeln mehr denn je zuvor gepr\u00e4gt und sich in den Entwurf idealen Subjektseins noch tiefer eingefr\u00e4st. Doch das sogenannte Lockesche Subjekt ist im Zuge der zugespitzten planetarischen \u00f6kologischen Krise zur Zielscheibe der Kritik geworden&#8230;<\/p>\n<\/div><\/div><\/div>\t\t<\/div>\r\n\t\t\t<\/article>\r\n\t<article class=\"w-grid-item post-14749 post type-post status-publish format-standard has-post-thumbnail hentry category-blog-de tag-forschungspraxis tag-freiwilligkeit tag-gouvernementalitat tag-interview-de tag-mercator-fellow tag-mercator-fellow-de\" data-id=\"14749\">\r\n\t\t<div class=\"w-grid-item-h\">\r\n\t\t\t\t\t\t<div class=\"w-hwrapper usg_hwrapper_1 align_left valign_top wrap\"><div class=\"w-post-elm post_image usg_post_image_1 as_circle has_width has_ratio\"><a href=\"https:\/\/www.voluntariness.org\/de\/joys-and-challenges-of-researching-voluntariness-zwei\/\" aria-label=\"Joys and Challenges of Researching Voluntariness II\"><img loading=\"lazy\" decoding=\"async\" width=\"1920\" height=\"1024\" src=\"https:\/\/www.voluntariness.org\/wp-content\/uploads\/sites\/2\/2021\/08\/Tur_13.jpg\" class=\"attachment-us_600_600_crop size-us_600_600_crop wp-post-image\" alt=\"\" \/><\/a><div style=\"padding-bottom:100%\"><\/div><\/div><div class=\"w-vwrapper usg_vwrapper_1 align_left valign_top\"><h2 class=\"w-post-elm post_title usg_post_title_1 entry-title color_link_inherit\"><a href=\"https:\/\/www.voluntariness.org\/de\/joys-and-challenges-of-researching-voluntariness-zwei\/\">Joys and Challenges of Researching Voluntariness II<\/a><\/h2><div class=\"w-hwrapper usg_hwrapper_2 has_text_color align_left valign_top wrap\"><time class=\"w-post-elm post_date usg_post_date_1 has_text_color entry-date published\" datetime=\"2024-06-06T15:30:23+02:00\" title=\"6 Juni 2024 um 15:30:23 Europe\/Berlin\u00a0Uhr\">6. Juni 2024<\/time><\/div><div class=\"w-post-elm post_content usg_post_content_1\"><p>Von Mitchell Dean und J\u00fcrgen Martschukat<\/p>\n<p>*** Dieser Beitrag ist nur auf Englisch verf\u00fcgbar ***<\/p>\n<\/div><\/div><\/div>\t\t<\/div>\r\n\t\t\t<\/article>\r\n\t<article class=\"w-grid-item post-14043 post type-post status-publish format-standard has-post-thumbnail hentry category-blog-de category-blog tag-agency-de tag-eigen-sinn-de tag-freiwilligkeit tag-interview-de tag-mercator-fellow-de tag-voluntariness\" data-id=\"14043\">\r\n\t\t<div class=\"w-grid-item-h\">\r\n\t\t\t\t\t\t<div class=\"w-hwrapper usg_hwrapper_1 align_left valign_top wrap\"><div class=\"w-post-elm post_image usg_post_image_1 as_circle has_width has_ratio\"><a href=\"https:\/\/www.voluntariness.org\/de\/joys-and-challenges-of-researching-voluntariness-1\/\" aria-label=\"Joys and Challenges of Researching Voluntariness I\"><img loading=\"lazy\" decoding=\"async\" width=\"1920\" height=\"1024\" src=\"https:\/\/www.voluntariness.org\/wp-content\/uploads\/sites\/2\/2021\/08\/Tur_13.jpg\" class=\"attachment-us_600_600_crop size-us_600_600_crop wp-post-image\" alt=\"\" \/><\/a><div style=\"padding-bottom:100%\"><\/div><\/div><div class=\"w-vwrapper usg_vwrapper_1 align_left valign_top\"><h2 class=\"w-post-elm post_title usg_post_title_1 entry-title color_link_inherit\"><a href=\"https:\/\/www.voluntariness.org\/de\/joys-and-challenges-of-researching-voluntariness-1\/\">Joys and Challenges of Researching Voluntariness I<\/a><\/h2><div class=\"w-hwrapper usg_hwrapper_2 has_text_color align_left valign_top wrap\"><time class=\"w-post-elm post_date usg_post_date_1 has_text_color entry-date published\" datetime=\"2024-03-21T10:00:08+01:00\" title=\"21 M\u00e4rz 2024 um 10:00:08 Europe\/Berlin\u00a0Uhr\">21. M\u00e4rz 2024<\/time><\/div><div class=\"w-post-elm post_content usg_post_content_1\"><p>Von Alexandra Oeser und J\u00fcrgen Martschukat<\/p>\n<p>*** Dieser Beitrag ist nur auf Englisch verf\u00fcgbar ***<\/p>\n<\/div><\/div><\/div>\t\t<\/div>\r\n\t\t\t<\/article>\r\n\t<article class=\"w-grid-item post-13576 post type-post status-publish format-standard has-post-thumbnail hentry category-blog-de category-blog tag-freiwilligkeit tag-kunst tag-mitmachen tag-participation tag-usa-de\" data-id=\"13576\">\r\n\t\t<div class=\"w-grid-item-h\">\r\n\t\t\t\t\t\t<div class=\"w-hwrapper usg_hwrapper_1 align_left valign_top wrap\"><div class=\"w-post-elm post_image usg_post_image_1 as_circle has_width has_ratio\"><a href=\"https:\/\/www.voluntariness.org\/de\/voluntary-urban-art-practices\/\" aria-label=\"Voluntary Urban Art Practices\"><img loading=\"lazy\" decoding=\"async\" width=\"1920\" height=\"1024\" src=\"https:\/\/www.voluntariness.org\/wp-content\/uploads\/sites\/2\/2021\/08\/Tur_13.jpg\" class=\"attachment-us_600_600_crop size-us_600_600_crop wp-post-image\" alt=\"\" \/><\/a><div style=\"padding-bottom:100%\"><\/div><\/div><div class=\"w-vwrapper usg_vwrapper_1 align_left valign_top\"><h2 class=\"w-post-elm post_title usg_post_title_1 entry-title color_link_inherit\"><a href=\"https:\/\/www.voluntariness.org\/de\/voluntary-urban-art-practices\/\">Voluntary Urban Art Practices<\/a><\/h2><div class=\"w-hwrapper usg_hwrapper_2 has_text_color align_left valign_top wrap\"><time class=\"w-post-elm post_date usg_post_date_1 has_text_color entry-date published\" datetime=\"2024-02-02T12:00:00+01:00\" title=\"2 Februar 2024 um 12:00:00 Europe\/Berlin\u00a0Uhr\">2. Februar 2024<\/time><\/div><div class=\"w-post-elm post_content usg_post_content_1\"><p>Von Pia Herzan<\/p>\n<p>*** Dieser Beitrag ist nur auf Englisch verf\u00fcgbar. ***<\/p>\n<\/div><\/div><\/div>\t\t<\/div>\r\n\t\t\t<\/article>\r\n\t<article class=\"w-grid-item post-13929 post type-post status-publish format-standard has-post-thumbnail hentry category-blog-de tag-colonialism-de tag-freiwilligkeit tag-kolonialismus tag-rassismus-de tag-remigration-de tag-voluntariness-de\" data-id=\"13929\">\r\n\t\t<div class=\"w-grid-item-h\">\r\n\t\t\t\t\t\t<div class=\"w-hwrapper usg_hwrapper_1 align_left valign_top wrap\"><div class=\"w-post-elm post_image usg_post_image_1 as_circle has_width has_ratio\"><a href=\"https:\/\/www.voluntariness.org\/de\/remigration\/\" aria-label=\"\u201eRemigration\u201c\"><img loading=\"lazy\" decoding=\"async\" width=\"1920\" height=\"1139\" src=\"https:\/\/www.voluntariness.org\/wp-content\/uploads\/sites\/2\/2024\/01\/protest-berlin-january-2024.jpg\" class=\"attachment-us_600_600_crop size-us_600_600_crop wp-post-image\" alt=\"\" \/><\/a><div style=\"padding-bottom:100%\"><\/div><\/div><div class=\"w-vwrapper usg_vwrapper_1 align_left valign_top\"><h2 class=\"w-post-elm post_title usg_post_title_1 entry-title color_link_inherit\"><a href=\"https:\/\/www.voluntariness.org\/de\/remigration\/\">\u201eRemigration\u201c<\/a><\/h2><div class=\"w-hwrapper usg_hwrapper_2 has_text_color align_left valign_top wrap\"><time class=\"w-post-elm post_date usg_post_date_1 has_text_color entry-date published\" datetime=\"2024-01-23T16:00:00+01:00\" title=\"23 Januar 2024 um 16:00:00 Europe\/Berlin\u00a0Uhr\">23. Januar 2024<\/time><\/div><div class=\"w-post-elm post_content usg_post_content_1\"><p>Von Florian Wagner<\/p>\n<p>2024 lancieren Rechtsextreme in Deutschland Massendeportations-pl\u00e4ne, Gro\u00dfdemonstrationen dagegen mobilisieren Hunderttausende, und \u201eRemigration\u201c wird zum Unwort des Jahres. Florian Wagner ordnet den Begriff \u201eRemigration\u201c ein und zeigt, wie eng er mit der Geschichte rassistischer Bewegungen seit dem 19. Jahrhundert verbunden ist. <\/p>\n<\/div><\/div><\/div>\t\t<\/div>\r\n\t\t\t<\/article>\r\n\t<article class=\"w-grid-item post-13777 post type-post status-publish format-standard has-post-thumbnail hentry category-blog-de tag-freiwilligkeit tag-gewalt tag-irland tag-mitmachen tag-nordirland tag-polizieren tag-violence-de\" data-id=\"13777\">\r\n\t\t<div class=\"w-grid-item-h\">\r\n\t\t\t\t\t\t<div class=\"w-hwrapper usg_hwrapper_1 align_left valign_top wrap\"><div class=\"w-post-elm post_image usg_post_image_1 as_circle has_width has_ratio\"><a href=\"https:\/\/www.voluntariness.org\/de\/voluntary-policing-vs-police-violence\/\" aria-label=\"Voluntary Policing vs. Police Violence\"><img loading=\"lazy\" decoding=\"async\" width=\"1920\" height=\"1024\" src=\"https:\/\/www.voluntariness.org\/wp-content\/uploads\/sites\/2\/2021\/08\/Tur_13.jpg\" class=\"attachment-us_600_600_crop size-us_600_600_crop wp-post-image\" alt=\"\" \/><\/a><div style=\"padding-bottom:100%\"><\/div><\/div><div class=\"w-vwrapper usg_vwrapper_1 align_left valign_top\"><h2 class=\"w-post-elm post_title usg_post_title_1 entry-title color_link_inherit\"><a href=\"https:\/\/www.voluntariness.org\/de\/voluntary-policing-vs-police-violence\/\">Voluntary Policing vs. Police Violence<\/a><\/h2><div class=\"w-hwrapper usg_hwrapper_2 has_text_color align_left valign_top wrap\"><time class=\"w-post-elm post_date usg_post_date_1 has_text_color entry-date published\" datetime=\"2023-12-22T12:00:30+01:00\" title=\"22 Dezember 2023 um 12:00:30 Europe\/Berlin\u00a0Uhr\">22. Dezember 2023<\/time><\/div><div class=\"w-post-elm post_content usg_post_content_1\"><p>Von Mara Abrecht<\/p>\n<p>*** Dieser Beitrag ist nur auf Englisch verf\u00fcgbar. ***<\/p>\n<\/div><\/div><\/div>\t\t<\/div>\r\n\t\t\t<\/article>\r\n\t<article class=\"w-grid-item post-13622 post type-post status-publish format-standard has-post-thumbnail hentry category-blog-de category-unkategorisiert tag-burger-sein tag-demokratie tag-education-de tag-erziehung tag-freiwilligkeit tag-selbstfuhrung tag-usa-de tag-voluntariness-de\" data-id=\"13622\">\r\n\t\t<div class=\"w-grid-item-h\">\r\n\t\t\t\t\t\t<div class=\"w-hwrapper usg_hwrapper_1 align_left valign_top wrap\"><div class=\"w-post-elm post_image usg_post_image_1 as_circle has_width has_ratio\"><a href=\"https:\/\/www.voluntariness.org\/de\/committing-to-civic-education-voluntarily-2\/\" aria-label=\"Committing to Civic Education Voluntarily\"><img loading=\"lazy\" decoding=\"async\" width=\"1920\" height=\"1024\" src=\"https:\/\/www.voluntariness.org\/wp-content\/uploads\/sites\/2\/2021\/08\/Tur_13.jpg\" class=\"attachment-us_600_600_crop size-us_600_600_crop wp-post-image\" alt=\"\" \/><\/a><div style=\"padding-bottom:100%\"><\/div><\/div><div class=\"w-vwrapper usg_vwrapper_1 align_left valign_top\"><h2 class=\"w-post-elm post_title usg_post_title_1 entry-title color_link_inherit\"><a href=\"https:\/\/www.voluntariness.org\/de\/committing-to-civic-education-voluntarily-2\/\">Committing to Civic Education Voluntarily<\/a><\/h2><div class=\"w-hwrapper usg_hwrapper_2 has_text_color align_left valign_top wrap\"><time class=\"w-post-elm post_date usg_post_date_1 has_text_color entry-date published\" datetime=\"2023-10-18T12:00:06+02:00\" title=\"18 Oktober 2023 um 12:00:06 Europe\/Berlin\u00a0Uhr\">18. Oktober 2023<\/time><\/div><div class=\"w-post-elm post_content usg_post_content_1\"><p>Von Pia Herzan<\/p>\n<p>*** Dieser Beitrag ist nur auf Englisch verf\u00fcgbar. ***<\/p>\n<\/div><\/div><\/div>\t\t<\/div>\r\n\t\t\t<\/article>\r\n<\/div><div class=\"w-grid-carousel-json hidden\" onclick='return {&quot;carousel_settings&quot;:{&quot;aria_labels&quot;:{&quot;prev&quot;:&quot;Zur\\u00fcck&quot;,&quot;next&quot;:&quot;Weiter&quot;},&quot;autoplayContinual&quot;:false,&quot;autoplayHoverPause&quot;:false,&quot;autoplayTimeout&quot;:3000,&quot;autoWidth&quot;:false,&quot;smartSpeed&quot;:800,&quot;margin&quot;:0,&quot;mouseDrag&quot;:true,&quot;rtl&quot;:false,&quot;slideBy&quot;:&quot;1&quot;,&quot;touchDrag&quot;:true,&quot;slideTransition&quot;:&quot;&quot;,&quot;responsive&quot;:{&quot;0&quot;:{&quot;autoHeight&quot;:false,&quot;autoplay&quot;:false,&quot;autoWidth&quot;:false,&quot;center&quot;:false,&quot;dots&quot;:true,&quot;items&quot;:1,&quot;loop&quot;:true,&quot;nav&quot;:false,&quot;stagePadding&quot;:0,&quot;slideBy&quot;:&quot;1&quot;},&quot;601&quot;:{&quot;autoHeight&quot;:false,&quot;autoplay&quot;:false,&quot;autoWidth&quot;:false,&quot;center&quot;:false,&quot;dots&quot;:true,&quot;items&quot;:2,&quot;loop&quot;:true,&quot;nav&quot;:true,&quot;stagePadding&quot;:0,&quot;slideBy&quot;:&quot;1&quot;},&quot;1025&quot;:{&quot;autoHeight&quot;:false,&quot;autoplay&quot;:false,&quot;autoWidth&quot;:false,&quot;center&quot;:false,&quot;dots&quot;:true,&quot;items&quot;:3,&quot;loop&quot;:true,&quot;nav&quot;:true,&quot;stagePadding&quot;:0,&quot;slideBy&quot;:&quot;1&quot;},&quot;1381&quot;:{&quot;items&quot;:3,&quot;autoplay&quot;:false,&quot;center&quot;:false,&quot;dots&quot;:true,&quot;nav&quot;:true,&quot;autoHeight&quot;:false,&quot;autoWidth&quot;:false,&quot;loop&quot;:true,&quot;stagePadding&quot;:0}}}}'><\/div><\/div><div class=\"w-separator size_small\"><\/div><div class=\"w-btn-wrapper align_center\"><a class=\"w-btn us-btn-style_1\" title=\"Blog\" href=\"https:\/\/www.voluntariness.org\/de\/blog\/\"><span class=\"w-btn-label\">Alle Posts<\/span><\/a><\/div><\/div><\/div><\/div><\/div><\/div><\/section><section class=\"l-section wpb_row height_medium with_shape\"><div class=\"l-section-shape type_curve pos_top\" style=\"height:15vmin;\"><svg xmlns=\"http:\/\/www.w3.org\/2000\/svg\" viewBox=\"0 0 64 8\" preserveAspectRatio=\"none\" width=\"100%\" height=\"100%\">\r\n\t<path fill=\"currentColor\" d=\"M64 8 L64 0 Q32 15.8 0 0 L0 8 Z\"\/>\r\n<\/svg><\/div><div class=\"l-section-h i-cf\"><div class=\"g-cols vc_row via_flex valign_middle type_default stacking_default\"><div class=\"vc_col-sm-8 wpb_column vc_column_container us_animate_afl stretched\"><div class=\"vc_column-inner\"><div class=\"wpb_wrapper\"><div class=\"w-image us_custom_5e8a7298 style_shadow-1 has_ratio align_none\"><div class=\"w-image-h\"><div style=\"padding-bottom:56.25%\"><\/div><img decoding=\"async\" width=\"1024\" height=\"546\" src=\"https:\/\/www.voluntariness.org\/wp-content\/uploads\/sites\/2\/2021\/03\/research-unit-1024x546.jpg\" class=\"attachment-large size-large\" alt=\"\" loading=\"lazy\" \/><\/div><\/div><\/div><\/div><\/div><div class=\"vc_col-sm-4 wpb_column vc_column_container  stretched\"><div class=\"vc_column-inner us_custom_5392e220 us_animate_this\"><div class=\"wpb_wrapper\"><div class=\"wpb_text_column\"><div class=\"wpb_wrapper\"><h1>DFG-Forschungsgruppe<\/h1>\n<\/div><\/div><div class=\"wpb_text_column us_custom_432d3f53\"><div class=\"wpb_wrapper\"><p>Unsere Gruppe setzt sich aus Historiker*innen, Soziolog*innen und Philosoph*innen an den Universit\u00e4ten Erfurt, Jena und Oldenburg und weiteren assoziierten Wissenschaftler*innen weltweit zusammen.<\/p>\n<p>Gemeinsam bilden wir die interdisziplin\u00e4re Forschungsgruppe Freiwilligkeit, die seit 2020 von der Deutschen Forschungsgemeinschaft (FOR 2983) gef\u00f6rdert wird. Die Vielfalt unserer einzelnen Forschungsprojekte verdeutlicht die Wirkm\u00e4chtigkeit, Bedeutung und Wandelbarkeit von Freiwilligkeit seit dem Mittelalter bis in die Gegenwart.<\/p>\n<\/div><\/div><\/div><\/div><\/div><\/div><\/div><\/section><section class=\"l-section wpb_row height_medium color_secondary\"><div class=\"l-section-h i-cf\"><div class=\"g-cols vc_row via_flex valign_top type_default stacking_default\"><div class=\"vc_col-sm-12 wpb_column vc_column_container\"><div class=\"vc_column-inner\"><div class=\"wpb_wrapper\"><div class=\"wpb_text_column us_custom_eb849559\"><div class=\"wpb_wrapper\"><h2 style=\"text-align: center\">Unsere Projekte<\/h2>\n<\/div><\/div><div class=\"w-separator size_small\"><\/div><div class=\"w-grid us_carousel us_custom_5784ee0c type_carousel layout_8468 preload_style_spinner items_3 ratio_1x1\" id=\"us_grid_2\" style=\"--items:3;--gap:1.5rem;--item-ratio:1;\"><style>.layout_8468 .w-grid-item-h{background:url(https:\/\/www.voluntariness.org\/wp-content\/uploads\/sites\/2\/2021\/02\/01_fv_logo_header.png) center\/cover no-repeat var(--color-alt-content-overlay)}.layout_8468 .usg_post_image_1{transition-duration:0.35s;transform-origin:50% 50%;transform:scale(1) translate(0%,0%)}.layout_8468 .w-grid-item-h:focus-within .usg_post_image_1,.layout_8468 .w-grid-item-h:hover .usg_post_image_1{transform:scale(1.1) translate(0%,0%);opacity:0.1}.layout_8468 .usg_post_image_1{position:absolute!important;left:0!important;top:0!important;bottom:0!important;right:0!important}.layout_8468 .usg_vwrapper_1{position:absolute!important;right:0!important;bottom:0!important;left:0!important;background:linear-gradient(transparent,rgba(30,30,30,0.8))!important;padding:4rem 2rem 1.5rem 2rem!important}.layout_8468 .usg_post_title_1{color:#fff!important;font-size:1.2rem!important}.layout_8468 .usg_post_taxonomy_1{color:#fff!important;font-size:0.9rem!important}<\/style><div class=\"w-grid-list owl-carousel valign_stretch dotstyle_circle navstyle_3 arrows-ver-pos_middle arrows-hor-pos_on_sides_outside arrows-disabled_hide owl-responsive-2000 with_dots with_arrows\" style=\"--transition-duration:800ms;--arrows-size:1.5rem;--arrows-hor-offset:calc(0px + 1.5rem);--arrows-gap:10px;\">\t<article class=\"w-grid-item post-10697 us_portfolio type-us_portfolio status-publish has-post-thumbnail hentry us_portfolio_category-projekt us_portfolio_tag-zeitgeschichte\" data-id=\"10697\">\r\n\t\t<div class=\"w-grid-item-h\">\r\n\t\t\t\t\t\t<div class=\"w-post-elm post_image usg_post_image_1 stretched\"><a href=\"https:\/\/www.voluntariness.org\/de\/project\/freiwilligkeit-und-diktatur\/\" aria-label=\"Freiwilligkeit und Diktatur\"><img loading=\"lazy\" decoding=\"async\" width=\"570\" height=\"800\" src=\"https:\/\/www.voluntariness.org\/wp-content\/uploads\/sites\/2\/2021\/09\/Plakat_Woche-des-Neuerers_DDR-Museum-570x800.jpg\" class=\"attachment-large size-large wp-post-image\" alt=\"Poster &quot;Woche des Neuerers\/Planm\u00e4\u00dfig Rationalisieren&quot;\" srcset=\"https:\/\/www.voluntariness.org\/wp-content\/uploads\/sites\/2\/2021\/09\/Plakat_Woche-des-Neuerers_DDR-Museum-570x800.jpg 570w, https:\/\/www.voluntariness.org\/wp-content\/uploads\/sites\/2\/2021\/09\/Plakat_Woche-des-Neuerers_DDR-Museum-178x250.jpg 178w, https:\/\/www.voluntariness.org\/wp-content\/uploads\/sites\/2\/2021\/09\/Plakat_Woche-des-Neuerers_DDR-Museum-214x300.jpg 214w, https:\/\/www.voluntariness.org\/wp-content\/uploads\/sites\/2\/2021\/09\/Plakat_Woche-des-Neuerers_DDR-Museum.jpg 712w\" sizes=\"auto, (max-width: 570px) 100vw, 570px\" \/><\/a><\/div><div class=\"w-vwrapper usg_vwrapper_1 align_left valign_top\"><h2 class=\"w-post-elm post_title usg_post_title_1 has_text_color entry-title color_link_inherit\">Freiwilligkeit und Diktatur<\/h2><div class=\"w-post-elm post_taxonomy usg_post_taxonomy_1 has_text_color style_simple color_link_inherit\"><a class=\"term-124 term-zeitgeschichte\" href=\"https:\/\/www.voluntariness.org\/de\/project_category\/zeitgeschichte\/\">Zeitgeschichte<\/a><\/div><\/div>\t\t<\/div>\r\n\t\t\t<\/article>\r\n\t<article class=\"w-grid-item post-14310 us_portfolio type-us_portfolio status-publish has-post-thumbnail hentry us_portfolio_category-projekt us_portfolio_tag-globalgeschichte us_portfolio_tag-nordamerikanische-geschichte\" data-id=\"14310\">\r\n\t\t<div class=\"w-grid-item-h\">\r\n\t\t\t\t\t\t<div class=\"w-post-elm post_image usg_post_image_1 stretched\"><a href=\"https:\/\/www.voluntariness.org\/de\/project\/freiwilligkeit-und-und-die-repatriierung-menschlicher-ueberreste-aus-kolonialen-kontexten\/\" aria-label=\"Freiwilligkeit und die Repatriierung menschlicher \u00dcberreste aus kolonialen Kontexten\"><img loading=\"lazy\" decoding=\"async\" width=\"1280\" height=\"800\" src=\"https:\/\/www.voluntariness.org\/wp-content\/uploads\/sites\/2\/2024\/04\/national-museum-of-the-american-indian.jpg\" class=\"attachment-large size-large wp-post-image\" alt=\"\" srcset=\"https:\/\/www.voluntariness.org\/wp-content\/uploads\/sites\/2\/2024\/04\/national-museum-of-the-american-indian.jpg 1280w, https:\/\/www.voluntariness.org\/wp-content\/uploads\/sites\/2\/2024\/04\/national-museum-of-the-american-indian-250x156.jpg 250w, https:\/\/www.voluntariness.org\/wp-content\/uploads\/sites\/2\/2024\/04\/national-museum-of-the-american-indian-300x188.jpg 300w\" sizes=\"auto, (max-width: 1280px) 100vw, 1280px\" \/><\/a><\/div><div class=\"w-vwrapper usg_vwrapper_1 align_left valign_top\"><h2 class=\"w-post-elm post_title usg_post_title_1 has_text_color entry-title color_link_inherit\">Freiwilligkeit und die Repatriierung menschlicher \u00dcberreste aus kolonialen Kontexten<\/h2><div class=\"w-post-elm post_taxonomy usg_post_taxonomy_1 has_text_color style_simple color_link_inherit\"><a class=\"term-123 term-globalgeschichte\" href=\"https:\/\/www.voluntariness.org\/de\/project_category\/globalgeschichte\/\">Globalgeschichte<\/a><b>, <\/b><a class=\"term-122 term-nordamerikanische-geschichte\" href=\"https:\/\/www.voluntariness.org\/de\/project_category\/nordamerikanische-geschichte\/\">Nordamerikanische Geschichte<\/a><\/div><\/div>\t\t<\/div>\r\n\t\t\t<\/article>\r\n\t<article class=\"w-grid-item post-14534 us_portfolio type-us_portfolio status-publish has-post-thumbnail hentry us_portfolio_category-projekt us_portfolio_tag-nordamerikanische-geschichte\" data-id=\"14534\">\r\n\t\t<div class=\"w-grid-item-h\">\r\n\t\t\t\t\t\t<div class=\"w-post-elm post_image usg_post_image_1 stretched\"><a href=\"https:\/\/www.voluntariness.org\/de\/project\/freiwilligkeit-selbstsorge-und-gesundheit\/\" aria-label=\"Freiwilligkeit, Selbstsorge und Gesundheit in den USA um 1865\"><img loading=\"lazy\" decoding=\"async\" width=\"800\" height=\"800\" src=\"https:\/\/www.voluntariness.org\/wp-content\/uploads\/sites\/2\/2024\/05\/black-healthcare-in-america-web-800x800.jpg\" class=\"attachment-large size-large wp-post-image\" alt=\"\" srcset=\"https:\/\/www.voluntariness.org\/wp-content\/uploads\/sites\/2\/2024\/05\/black-healthcare-in-america-web-800x800.jpg 800w, https:\/\/www.voluntariness.org\/wp-content\/uploads\/sites\/2\/2024\/05\/black-healthcare-in-america-web-250x250.jpg 250w, https:\/\/www.voluntariness.org\/wp-content\/uploads\/sites\/2\/2024\/05\/black-healthcare-in-america-web-150x150.jpg 150w, https:\/\/www.voluntariness.org\/wp-content\/uploads\/sites\/2\/2024\/05\/black-healthcare-in-america-web-300x300.jpg 300w, https:\/\/www.voluntariness.org\/wp-content\/uploads\/sites\/2\/2024\/05\/black-healthcare-in-america-web.jpg 984w\" sizes=\"auto, (max-width: 800px) 100vw, 800px\" \/><\/a><\/div><div class=\"w-vwrapper usg_vwrapper_1 align_left valign_top\"><h2 class=\"w-post-elm post_title usg_post_title_1 has_text_color entry-title color_link_inherit\">Freiwilligkeit, Selbstsorge und Gesundheit in den USA um 1865<\/h2><div class=\"w-post-elm post_taxonomy usg_post_taxonomy_1 has_text_color style_simple color_link_inherit\"><a class=\"term-122 term-nordamerikanische-geschichte\" href=\"https:\/\/www.voluntariness.org\/de\/project_category\/nordamerikanische-geschichte\/\">Nordamerikanische Geschichte<\/a><\/div><\/div>\t\t<\/div>\r\n\t\t\t<\/article>\r\n\t<article class=\"w-grid-item post-14553 us_portfolio type-us_portfolio status-publish has-post-thumbnail hentry us_portfolio_category-projekt us_portfolio_tag-praktische-philosophie\" data-id=\"14553\">\r\n\t\t<div class=\"w-grid-item-h\">\r\n\t\t\t\t\t\t<div class=\"w-post-elm post_image usg_post_image_1 stretched\"><a href=\"https:\/\/www.voluntariness.org\/de\/project\/freiwilligkeit-demokratie-und-klimapolitik\/\" aria-label=\"Freiwilligkeit, Demokratie und Klimapolitik\"><img loading=\"lazy\" decoding=\"async\" width=\"1199\" height=\"800\" src=\"https:\/\/www.voluntariness.org\/wp-content\/uploads\/sites\/2\/2024\/05\/frdays-for-future-demo-berlin-1199x800.jpg\" class=\"attachment-large size-large wp-post-image\" alt=\"\" srcset=\"https:\/\/www.voluntariness.org\/wp-content\/uploads\/sites\/2\/2024\/05\/frdays-for-future-demo-berlin-1199x800.jpg 1199w, https:\/\/www.voluntariness.org\/wp-content\/uploads\/sites\/2\/2024\/05\/frdays-for-future-demo-berlin-250x167.jpg 250w, https:\/\/www.voluntariness.org\/wp-content\/uploads\/sites\/2\/2024\/05\/frdays-for-future-demo-berlin-1603x1070.jpg 1603w, https:\/\/www.voluntariness.org\/wp-content\/uploads\/sites\/2\/2024\/05\/frdays-for-future-demo-berlin-300x200.jpg 300w, https:\/\/www.voluntariness.org\/wp-content\/uploads\/sites\/2\/2024\/05\/frdays-for-future-demo-berlin.jpg 1918w\" sizes=\"auto, (max-width: 1199px) 100vw, 1199px\" \/><\/a><\/div><div class=\"w-vwrapper usg_vwrapper_1 align_left valign_top\"><h2 class=\"w-post-elm post_title usg_post_title_1 has_text_color entry-title color_link_inherit\">Freiwilligkeit, Demokratie und Klimapolitik<\/h2><div class=\"w-post-elm post_taxonomy usg_post_taxonomy_1 has_text_color style_simple color_link_inherit\"><a class=\"term-113 term-praktische-philosophie\" href=\"https:\/\/www.voluntariness.org\/de\/project_category\/praktische-philosophie\/\">Praktische Philosophie<\/a><\/div><\/div>\t\t<\/div>\r\n\t\t\t<\/article>\r\n\t<article class=\"w-grid-item post-10691 us_portfolio type-us_portfolio status-publish has-post-thumbnail hentry us_portfolio_category-projekt us_portfolio_tag-nordamerikanische-geschichte\" data-id=\"10691\">\r\n\t\t<div class=\"w-grid-item-h\">\r\n\t\t\t\t\t\t<div class=\"w-post-elm post_image usg_post_image_1 stretched\"><a href=\"https:\/\/www.voluntariness.org\/de\/project\/freiwilligkeit-als-politische-praxis\/\" aria-label=\"Freiwilligkeit als Politische Praxis\"><img loading=\"lazy\" decoding=\"async\" width=\"1024\" height=\"655\" src=\"https:\/\/www.voluntariness.org\/wp-content\/uploads\/sites\/2\/2021\/03\/projekt_3_web-1024x655.jpg\" class=\"attachment-large size-large wp-post-image\" alt=\"\" srcset=\"https:\/\/www.voluntariness.org\/wp-content\/uploads\/sites\/2\/2021\/03\/projekt_3_web-1024x655.jpg 1024w, https:\/\/www.voluntariness.org\/wp-content\/uploads\/sites\/2\/2021\/03\/projekt_3_web-300x192.jpg 300w, https:\/\/www.voluntariness.org\/wp-content\/uploads\/sites\/2\/2021\/03\/projekt_3_web-1673x1070.jpg 1673w\" sizes=\"auto, (max-width: 1024px) 100vw, 1024px\" \/><\/a><\/div><div class=\"w-vwrapper usg_vwrapper_1 align_left valign_top\"><h2 class=\"w-post-elm post_title usg_post_title_1 has_text_color entry-title color_link_inherit\">Freiwilligkeit als Politische Praxis<\/h2><div class=\"w-post-elm post_taxonomy usg_post_taxonomy_1 has_text_color style_simple color_link_inherit\"><a class=\"term-122 term-nordamerikanische-geschichte\" href=\"https:\/\/www.voluntariness.org\/de\/project_category\/nordamerikanische-geschichte\/\">Nordamerikanische Geschichte<\/a><\/div><\/div>\t\t<\/div>\r\n\t\t\t<\/article>\r\n\t<article class=\"w-grid-item post-10700 us_portfolio type-us_portfolio status-publish has-post-thumbnail hentry us_portfolio_category-projekt us_portfolio_tag-zeit-und-globalgeschichte\" data-id=\"10700\">\r\n\t\t<div class=\"w-grid-item-h\">\r\n\t\t\t\t\t\t<div class=\"w-post-elm post_image usg_post_image_1 stretched\"><a href=\"https:\/\/www.voluntariness.org\/de\/project\/freiwilligkeit-und-repatriierung\/\" aria-label=\"Freiwilligkeit und Repatriierung\"><img loading=\"lazy\" decoding=\"async\" width=\"1024\" height=\"640\" src=\"https:\/\/www.voluntariness.org\/wp-content\/uploads\/sites\/2\/2021\/03\/voluntariness-and-repatriation-1-1024x640.png\" class=\"attachment-large size-large wp-post-image\" alt=\"Werbeplakat\" srcset=\"https:\/\/www.voluntariness.org\/wp-content\/uploads\/sites\/2\/2021\/03\/voluntariness-and-repatriation-1-1024x640.png 1024w, https:\/\/www.voluntariness.org\/wp-content\/uploads\/sites\/2\/2021\/03\/voluntariness-and-repatriation-1-300x188.png 300w, https:\/\/www.voluntariness.org\/wp-content\/uploads\/sites\/2\/2021\/03\/voluntariness-and-repatriation-1.png 1280w\" sizes=\"auto, (max-width: 1024px) 100vw, 1024px\" \/><\/a><\/div><div class=\"w-vwrapper usg_vwrapper_1 align_left valign_top\"><h2 class=\"w-post-elm post_title usg_post_title_1 has_text_color entry-title color_link_inherit\">Freiwilligkeit und Repatriierung<\/h2><div class=\"w-post-elm post_taxonomy usg_post_taxonomy_1 has_text_color style_simple color_link_inherit\"><a class=\"term-125 term-zeit-und-globalgeschichte\" href=\"https:\/\/www.voluntariness.org\/de\/project_category\/zeit-und-globalgeschichte\/\">Zeit- und Globalgeschichte<\/a><\/div><\/div>\t\t<\/div>\r\n\t\t\t<\/article>\r\n\t<article class=\"w-grid-item post-14526 us_portfolio type-us_portfolio status-publish has-post-thumbnail hentry us_portfolio_category-projekt us_portfolio_tag-politische-soziologie\" data-id=\"14526\">\r\n\t\t<div class=\"w-grid-item-h\">\r\n\t\t\t\t\t\t<div class=\"w-post-elm post_image usg_post_image_1 stretched\"><a href=\"https:\/\/www.voluntariness.org\/de\/project\/die-hinterbuehne-der-freiwilligkeit\/\" aria-label=\"Die Hinterb\u00fchne der Freiwilligkeit\"><img loading=\"lazy\" decoding=\"async\" width=\"1280\" height=\"800\" src=\"https:\/\/www.voluntariness.org\/wp-content\/uploads\/sites\/2\/2024\/04\/voluntariness-and-capitalism-2.jpg\" class=\"attachment-large size-large wp-post-image\" alt=\"\" srcset=\"https:\/\/www.voluntariness.org\/wp-content\/uploads\/sites\/2\/2024\/04\/voluntariness-and-capitalism-2.jpg 1280w, https:\/\/www.voluntariness.org\/wp-content\/uploads\/sites\/2\/2024\/04\/voluntariness-and-capitalism-2-250x156.jpg 250w, https:\/\/www.voluntariness.org\/wp-content\/uploads\/sites\/2\/2024\/04\/voluntariness-and-capitalism-2-300x188.jpg 300w\" sizes=\"auto, (max-width: 1280px) 100vw, 1280px\" \/><\/a><\/div><div class=\"w-vwrapper usg_vwrapper_1 align_left valign_top\"><h2 class=\"w-post-elm post_title usg_post_title_1 has_text_color entry-title color_link_inherit\">Die Hinterb\u00fchne der Freiwilligkeit<\/h2><div class=\"w-post-elm post_taxonomy usg_post_taxonomy_1 has_text_color style_simple color_link_inherit\"><a class=\"term-126 term-politische-soziologie\" href=\"https:\/\/www.voluntariness.org\/de\/project_category\/politische-soziologie\/\">Politische Soziologie<\/a><\/div><\/div>\t\t<\/div>\r\n\t\t\t<\/article>\r\n\t<article class=\"w-grid-item post-10694 us_portfolio type-us_portfolio status-publish has-post-thumbnail hentry us_portfolio_category-projekt us_portfolio_tag-globalgeschichte\" data-id=\"10694\">\r\n\t\t<div class=\"w-grid-item-h\">\r\n\t\t\t\t\t\t<div class=\"w-post-elm post_image usg_post_image_1 stretched\"><a href=\"https:\/\/www.voluntariness.org\/de\/project\/freiwilligkeit-und-dekolonisation\/\" aria-label=\"Freiwilligkeit, Dekolonisation und Arbeit\"><img loading=\"lazy\" decoding=\"async\" width=\"728\" height=\"465\" src=\"https:\/\/www.voluntariness.org\/wp-content\/uploads\/sites\/2\/2021\/03\/15a5_projekt_5.png\" class=\"attachment-large size-large wp-post-image\" alt=\"\" srcset=\"https:\/\/www.voluntariness.org\/wp-content\/uploads\/sites\/2\/2021\/03\/15a5_projekt_5.png 728w, https:\/\/www.voluntariness.org\/wp-content\/uploads\/sites\/2\/2021\/03\/15a5_projekt_5-300x192.png 300w\" sizes=\"auto, (max-width: 728px) 100vw, 728px\" \/><\/a><\/div><div class=\"w-vwrapper usg_vwrapper_1 align_left valign_top\"><h2 class=\"w-post-elm post_title usg_post_title_1 has_text_color entry-title color_link_inherit\">Freiwilligkeit, Dekolonisation und Arbeit<\/h2><div class=\"w-post-elm post_taxonomy usg_post_taxonomy_1 has_text_color style_simple color_link_inherit\"><a class=\"term-123 term-globalgeschichte\" href=\"https:\/\/www.voluntariness.org\/de\/project_category\/globalgeschichte\/\">Globalgeschichte<\/a><\/div><\/div>\t\t<\/div>\r\n\t\t\t<\/article>\r\n\t<article class=\"w-grid-item post-10688 us_portfolio type-us_portfolio status-publish has-post-thumbnail hentry us_portfolio_category-projekt us_portfolio_tag-mittelalterliche-geschichte\" data-id=\"10688\">\r\n\t\t<div class=\"w-grid-item-h\">\r\n\t\t\t\t\t\t<div class=\"w-post-elm post_image usg_post_image_1 stretched\"><a href=\"https:\/\/www.voluntariness.org\/de\/project\/freiwilligkeit-und-martyrium\/\" aria-label=\"Freiwilligkeit und Martyrium\"><img loading=\"lazy\" decoding=\"async\" width=\"1024\" height=\"640\" src=\"https:\/\/www.voluntariness.org\/wp-content\/uploads\/sites\/2\/2021\/03\/martyrdom-and-voluntariness-1024x640.png\" class=\"attachment-large size-large wp-post-image\" alt=\"Martyrium des hl. \u00d3l\u00e1fr, \u2020 1030\" srcset=\"https:\/\/www.voluntariness.org\/wp-content\/uploads\/sites\/2\/2021\/03\/martyrdom-and-voluntariness-1024x640.png 1024w, https:\/\/www.voluntariness.org\/wp-content\/uploads\/sites\/2\/2021\/03\/martyrdom-and-voluntariness-300x188.png 300w, https:\/\/www.voluntariness.org\/wp-content\/uploads\/sites\/2\/2021\/03\/martyrdom-and-voluntariness.png 1280w\" sizes=\"auto, (max-width: 1024px) 100vw, 1024px\" \/><\/a><\/div><div class=\"w-vwrapper usg_vwrapper_1 align_left valign_top\"><h2 class=\"w-post-elm post_title usg_post_title_1 has_text_color entry-title color_link_inherit\">Freiwilligkeit und Martyrium<\/h2><div class=\"w-post-elm post_taxonomy usg_post_taxonomy_1 has_text_color style_simple color_link_inherit\"><a class=\"term-121 term-mittelalterliche-geschichte\" href=\"https:\/\/www.voluntariness.org\/de\/project_category\/mittelalterliche-geschichte\/\">Mittelalterliche Geschichte<\/a><\/div><\/div>\t\t<\/div>\r\n\t\t\t<\/article>\r\n\t<article class=\"w-grid-item post-14503 us_portfolio type-us_portfolio status-publish has-post-thumbnail hentry us_portfolio_category-projekt us_portfolio_tag-globalgeschichte\" data-id=\"14503\">\r\n\t\t<div class=\"w-grid-item-h\">\r\n\t\t\t\t\t\t<div class=\"w-post-elm post_image usg_post_image_1 stretched\"><a href=\"https:\/\/www.voluntariness.org\/de\/project\/freiwilligkeit-dekolonisation-geschlecht\/\" aria-label=\"Freiwilligkeit, Dekolonisation und Geschlecht\"><img loading=\"lazy\" decoding=\"async\" width=\"1208\" height=\"800\" src=\"https:\/\/www.voluntariness.org\/wp-content\/uploads\/sites\/2\/2024\/05\/mural-in-accra-web-1208x800.jpg\" class=\"attachment-large size-large wp-post-image\" alt=\"\" srcset=\"https:\/\/www.voluntariness.org\/wp-content\/uploads\/sites\/2\/2024\/05\/mural-in-accra-web-1208x800.jpg 1208w, https:\/\/www.voluntariness.org\/wp-content\/uploads\/sites\/2\/2024\/05\/mural-in-accra-web-250x166.jpg 250w, https:\/\/www.voluntariness.org\/wp-content\/uploads\/sites\/2\/2024\/05\/mural-in-accra-web-1615x1070.jpg 1615w, https:\/\/www.voluntariness.org\/wp-content\/uploads\/sites\/2\/2024\/05\/mural-in-accra-web-300x199.jpg 300w\" sizes=\"auto, (max-width: 1208px) 100vw, 1208px\" \/><\/a><\/div><div class=\"w-vwrapper usg_vwrapper_1 align_left valign_top\"><h2 class=\"w-post-elm post_title usg_post_title_1 has_text_color entry-title color_link_inherit\">Freiwilligkeit, Dekolonisation und Geschlecht<\/h2><div class=\"w-post-elm post_taxonomy usg_post_taxonomy_1 has_text_color style_simple color_link_inherit\"><a class=\"term-123 term-globalgeschichte\" href=\"https:\/\/www.voluntariness.org\/de\/project_category\/globalgeschichte\/\">Globalgeschichte<\/a><\/div><\/div>\t\t<\/div>\r\n\t\t\t<\/article>\r\n\t<article class=\"w-grid-item post-10572 us_portfolio type-us_portfolio status-publish has-post-thumbnail hentry us_portfolio_category-projekt us_portfolio_tag-praktische-philosophie\" data-id=\"10572\">\r\n\t\t<div class=\"w-grid-item-h\">\r\n\t\t\t\t\t\t<div class=\"w-post-elm post_image usg_post_image_1 stretched\"><a href=\"https:\/\/www.voluntariness.org\/de\/project\/antinomien-der-freiwilligkeit\/\" aria-label=\"Antinomien der Freiwilligkeit\"><img loading=\"lazy\" decoding=\"async\" width=\"1024\" height=\"681\" src=\"https:\/\/www.voluntariness.org\/wp-content\/uploads\/sites\/2\/2021\/03\/15a1_projekt_1-1024x681.jpg\" class=\"attachment-large size-large wp-post-image\" alt=\"\" srcset=\"https:\/\/www.voluntariness.org\/wp-content\/uploads\/sites\/2\/2021\/03\/15a1_projekt_1-1024x681.jpg 1024w, https:\/\/www.voluntariness.org\/wp-content\/uploads\/sites\/2\/2021\/03\/15a1_projekt_1-300x200.jpg 300w, https:\/\/www.voluntariness.org\/wp-content\/uploads\/sites\/2\/2021\/03\/15a1_projekt_1-1608x1070.jpg 1608w\" sizes=\"auto, (max-width: 1024px) 100vw, 1024px\" \/><\/a><\/div><div class=\"w-vwrapper usg_vwrapper_1 align_left valign_top\"><h2 class=\"w-post-elm post_title usg_post_title_1 has_text_color entry-title color_link_inherit\">Antinomien der Freiwilligkeit<\/h2><div class=\"w-post-elm post_taxonomy usg_post_taxonomy_1 has_text_color style_simple color_link_inherit\"><a class=\"term-113 term-praktische-philosophie\" href=\"https:\/\/www.voluntariness.org\/de\/project_category\/praktische-philosophie\/\">Praktische Philosophie<\/a><\/div><\/div>\t\t<\/div>\r\n\t\t\t<\/article>\r\n\t<article class=\"w-grid-item post-14941 us_portfolio type-us_portfolio status-publish has-post-thumbnail hentry us_portfolio_category-projekt us_portfolio_tag-zeitgeschichte\" data-id=\"14941\">\r\n\t\t<div class=\"w-grid-item-h\">\r\n\t\t\t\t\t\t<div class=\"w-post-elm post_image usg_post_image_1 stretched\"><a href=\"https:\/\/www.voluntariness.org\/de\/project\/freiwilligkeit-und-solidaritaet\/\" aria-label=\"Freiwilligkeit und Solidarit\u00e4t in der DDR und dem postsozialistischen Umbruch (1970-2000)\"><img loading=\"lazy\" decoding=\"async\" width=\"1280\" height=\"800\" src=\"https:\/\/www.voluntariness.org\/wp-content\/uploads\/sites\/2\/2024\/09\/poster-solidaritaet-web-landscape.jpg\" class=\"attachment-large size-large wp-post-image\" alt=\"\" srcset=\"https:\/\/www.voluntariness.org\/wp-content\/uploads\/sites\/2\/2024\/09\/poster-solidaritaet-web-landscape.jpg 1280w, https:\/\/www.voluntariness.org\/wp-content\/uploads\/sites\/2\/2024\/09\/poster-solidaritaet-web-landscape-250x156.jpg 250w, https:\/\/www.voluntariness.org\/wp-content\/uploads\/sites\/2\/2024\/09\/poster-solidaritaet-web-landscape-300x188.jpg 300w\" sizes=\"auto, (max-width: 1280px) 100vw, 1280px\" \/><\/a><\/div><div class=\"w-vwrapper usg_vwrapper_1 align_left valign_top\"><h2 class=\"w-post-elm post_title usg_post_title_1 has_text_color entry-title color_link_inherit\">Freiwilligkeit und Solidarit\u00e4t in der DDR und dem postsozialistischen Umbruch (1970-2000)<\/h2><div class=\"w-post-elm post_taxonomy usg_post_taxonomy_1 has_text_color style_simple color_link_inherit\"><a class=\"term-124 term-zeitgeschichte\" href=\"https:\/\/www.voluntariness.org\/de\/project_category\/zeitgeschichte\/\">Zeitgeschichte<\/a><\/div><\/div>\t\t<\/div>\r\n\t\t\t<\/article>\r\n\t<article class=\"w-grid-item post-10703 us_portfolio type-us_portfolio status-publish has-post-thumbnail hentry us_portfolio_category-projekt us_portfolio_tag-politische-soziologie\" data-id=\"10703\">\r\n\t\t<div class=\"w-grid-item-h\">\r\n\t\t\t\t\t\t<div class=\"w-post-elm post_image usg_post_image_1 stretched\"><a href=\"https:\/\/www.voluntariness.org\/de\/project\/freiwilligkeit-und-kapitalismus\/\" aria-label=\"Freiwilligkeit und Kapitalismus\"><img loading=\"lazy\" decoding=\"async\" width=\"1024\" height=\"640\" src=\"https:\/\/www.voluntariness.org\/wp-content\/uploads\/sites\/2\/2021\/04\/voluntariness-and-capitalism-1024x640.png\" class=\"attachment-large size-large wp-post-image\" alt=\"\" srcset=\"https:\/\/www.voluntariness.org\/wp-content\/uploads\/sites\/2\/2021\/04\/voluntariness-and-capitalism-1024x640.png 1024w, https:\/\/www.voluntariness.org\/wp-content\/uploads\/sites\/2\/2021\/04\/voluntariness-and-capitalism-300x188.png 300w, https:\/\/www.voluntariness.org\/wp-content\/uploads\/sites\/2\/2021\/04\/voluntariness-and-capitalism-250x156.png 250w, https:\/\/www.voluntariness.org\/wp-content\/uploads\/sites\/2\/2021\/04\/voluntariness-and-capitalism.png 1280w\" sizes=\"auto, (max-width: 1024px) 100vw, 1024px\" \/><\/a><\/div><div class=\"w-vwrapper usg_vwrapper_1 align_left valign_top\"><h2 class=\"w-post-elm post_title usg_post_title_1 has_text_color entry-title color_link_inherit\">Freiwilligkeit und Kapitalismus<\/h2><div class=\"w-post-elm post_taxonomy usg_post_taxonomy_1 has_text_color style_simple color_link_inherit\"><a class=\"term-126 term-politische-soziologie\" href=\"https:\/\/www.voluntariness.org\/de\/project_category\/politische-soziologie\/\">Politische Soziologie<\/a><\/div><\/div>\t\t<\/div>\r\n\t\t\t<\/article>\r\n<\/div><div class=\"w-grid-carousel-json hidden\" onclick='return {&quot;carousel_settings&quot;:{&quot;aria_labels&quot;:{&quot;prev&quot;:&quot;Zur\\u00fcck&quot;,&quot;next&quot;:&quot;Weiter&quot;},&quot;autoplayContinual&quot;:false,&quot;autoplayHoverPause&quot;:false,&quot;autoplayTimeout&quot;:3000,&quot;autoWidth&quot;:false,&quot;smartSpeed&quot;:800,&quot;margin&quot;:0,&quot;mouseDrag&quot;:true,&quot;rtl&quot;:false,&quot;slideBy&quot;:&quot;1&quot;,&quot;touchDrag&quot;:true,&quot;slideTransition&quot;:&quot;&quot;,&quot;responsive&quot;:{&quot;0&quot;:{&quot;autoHeight&quot;:false,&quot;autoplay&quot;:false,&quot;autoWidth&quot;:false,&quot;center&quot;:false,&quot;dots&quot;:true,&quot;items&quot;:1,&quot;loop&quot;:true,&quot;nav&quot;:false,&quot;stagePadding&quot;:0,&quot;slideBy&quot;:&quot;1&quot;},&quot;601&quot;:{&quot;autoHeight&quot;:false,&quot;autoplay&quot;:false,&quot;autoWidth&quot;:false,&quot;center&quot;:false,&quot;dots&quot;:true,&quot;items&quot;:2,&quot;loop&quot;:true,&quot;nav&quot;:true,&quot;stagePadding&quot;:0,&quot;slideBy&quot;:&quot;1&quot;},&quot;1025&quot;:{&quot;autoHeight&quot;:false,&quot;autoplay&quot;:false,&quot;autoWidth&quot;:false,&quot;center&quot;:false,&quot;dots&quot;:true,&quot;items&quot;:3,&quot;loop&quot;:true,&quot;nav&quot;:true,&quot;stagePadding&quot;:0,&quot;slideBy&quot;:&quot;1&quot;},&quot;1381&quot;:{&quot;items&quot;:3,&quot;autoplay&quot;:false,&quot;center&quot;:false,&quot;dots&quot;:true,&quot;nav&quot;:true,&quot;autoHeight&quot;:false,&quot;autoWidth&quot;:false,&quot;loop&quot;:true,&quot;stagePadding&quot;:0}}}}'><\/div><\/div><\/div><\/div><\/div><\/div><\/div><\/section><section class=\"l-section wpb_row height_medium color_primary\"><div class=\"l-section-h i-cf\"><div class=\"g-cols vc_row via_flex valign_middle type_default stacking_default\"><div class=\"vc_col-sm-4 wpb_column vc_column_container us_animate_afl stretched\"><div class=\"vc_column-inner us_custom_895cf30d\"><div class=\"wpb_wrapper\"><div class=\"wpb_text_column with_collapsible_content\" data-content-height=\"250px\"><div class=\"wpb_wrapper\"><h1>What&#8217;s Going On?<\/h1>\n<\/div><div class=\"toggle-links align_none\"><button class=\"collapsible-content-more\">Mehr anzeigen<\/button><button class=\"collapsible-content-less\">Weniger anzeigen<\/button><\/div><\/div><div class=\"wpb_text_column us_custom_432d3f53\"><div class=\"wpb_wrapper\"><p>Die Forschungsgruppe Freiwilligkeit sind nicht nur wir alleine. Wir sind Teil einer wachsenden internationalen Gruppe von Forschenden, die die gemeinsame Arbeit am Konzept Freiwilligkeit verbindet, im schriftlichen wie auch pers\u00f6nlichen Austausch. In den kommenden Jahren planen wir Workshops und Gastvortr\u00e4ge und werden gemeinsam Freiwilligkeit in Gegenwart und Geschichte diskutieren.<\/p>\n<p>Weitere Informationen zu unseren Events, G\u00e4sten und Hintergr\u00fcnden gibt es hier auf dieser Seite und auf unseren Social Media-Kan\u00e4len auf <a href=\"https:\/\/bsky.app\/profile\/freiwilligkeit.bsky.social\" target=\"_blank\" rel=\"noopener\">Bluesky<\/a> und <a href=\"https:\/\/www.instagram.com\/voluntariness.freiwilligkeit\/\" target=\"_blank\" rel=\"noopener\">Instagram<\/a>! Gerne liken, folgen, Up-to-Date bleiben!<\/p>\n<\/div><\/div><\/div><\/div><\/div><div class=\"vc_col-sm-8 wpb_column vc_column_container us_animate_afr stretched\"><div class=\"vc_column-inner\"><div class=\"wpb_wrapper\"><div class=\"w-image us_custom_5e8a7298 has_ratio align_none\"><div class=\"w-image-h\"><div style=\"padding-bottom:56.25%\"><\/div><img decoding=\"async\" width=\"1280\" height=\"786\" src=\"https:\/\/www.voluntariness.org\/wp-content\/uploads\/sites\/2\/2022\/01\/open-sign-1.png\" class=\"attachment-large size-large\" alt=\"\" loading=\"lazy\" \/><\/div><\/div><\/div><\/div><\/div><\/div><\/div><\/section><section class=\"l-section wpb_row height_medium color_secondary\"><div class=\"l-section-h i-cf\"><div class=\"g-cols vc_row via_flex valign_top type_default stacking_default\"><div class=\"vc_col-sm-12 wpb_column vc_column_container\"><div class=\"vc_column-inner\"><div class=\"wpb_wrapper\"><div class=\"wpb_text_column us_custom_eb849559\"><div class=\"wpb_wrapper\"><h2 style=\"text-align: center\">News<\/h2>\n<\/div><\/div><div class=\"w-separator size_small\"><\/div><div class=\"w-grid us_carousel us_custom_5784ee0c type_carousel layout_7756 preload_style_spinner items_3\" id=\"us_grid_3\" style=\"--items:3;--gap:2.5rem;\"><style>@media (min-width:1024px){#us_grid_3 .w-post-elm.post_title{font-size:1.6rem!important}}<\/style><div class=\"w-grid-list owl-carousel valign_stretch dotstyle_circle navstyle_3 arrows-ver-pos_middle arrows-hor-pos_on_sides_outside arrows-disabled_hide owl-responsive-2000 with_dots with_arrows\" style=\"--transition-duration:800ms;--arrows-size:1.5rem;--arrows-hor-offset:calc(0px + 2.5rem);--arrows-gap:10px;\">\t<article class=\"w-grid-item post-16224 post type-post status-publish format-standard has-post-thumbnail hentry category-news-de tag-gasete tag-global-de tag-news-de tag-postcoloniality-de tag-postkolonialitaet tag-voluntariness-de tag-vortrag-de\" data-id=\"16224\">\r\n\t\t<div class=\"w-grid-item-h\">\r\n\t\t\t\t\t\t<div class=\"w-hwrapper usg_hwrapper_1 align_left valign_top wrap\"><div class=\"w-post-elm post_image usg_post_image_1 as_circle has_width has_ratio\"><a href=\"https:\/\/www.voluntariness.org\/de\/vortragsreihe-the-politics-of-voluntariness\/\" aria-label=\"Vortragsreihe &#8220;The Politics of Voluntariness&#8221;\"><img loading=\"lazy\" decoding=\"async\" width=\"2560\" height=\"1698\" src=\"https:\/\/www.voluntariness.org\/wp-content\/uploads\/sites\/2\/2026\/03\/brille-scaled.jpg\" class=\"attachment-us_600_600_crop size-us_600_600_crop wp-post-image\" alt=\"\" \/><\/a><div style=\"padding-bottom:100%\"><\/div><\/div><div class=\"w-vwrapper usg_vwrapper_1 align_left valign_top\"><h2 class=\"w-post-elm post_title usg_post_title_1 entry-title color_link_inherit\"><a href=\"https:\/\/www.voluntariness.org\/de\/vortragsreihe-the-politics-of-voluntariness\/\">Vortragsreihe &#8220;The Politics of Voluntariness&#8221;<\/a><\/h2><div class=\"w-hwrapper usg_hwrapper_2 has_text_color align_left valign_top wrap\"><time class=\"w-post-elm post_date usg_post_date_1 has_text_color entry-date published\" datetime=\"2026-03-06T14:41:21+01:00\" title=\"6 M\u00e4rz 2026 um 14:41:21 Europe\/Berlin\u00a0Uhr\">6 M\u00e4rz um 14:41\u00a0Uhr<\/time><\/div><div class=\"w-post-elm post_content usg_post_content_1\"><p>Vortragsreihe 2026 an der Universit\u00e4t Erfurt: The Politics of Voluntariness &#8211; Global and Postcolonial Perspectives. Hier finden Sie das Programm mit Infos zu allen G\u00e4sten und Vortr\u00e4gen.<\/p>\n<\/div><\/div><\/div>\t\t<\/div>\r\n\t\t\t<\/article>\r\n\t<article class=\"w-grid-item post-15811 post type-post status-publish format-standard has-post-thumbnail hentry category-news-de tag-colonialism-de tag-konferenz tag-migration-de tag-voluntariness-de\" data-id=\"15811\">\r\n\t\t<div class=\"w-grid-item-h\">\r\n\t\t\t\t\t\t<div class=\"w-hwrapper usg_hwrapper_1 align_left valign_top wrap\"><div class=\"w-post-elm post_image usg_post_image_1 as_circle has_width has_ratio\"><a href=\"https:\/\/www.voluntariness.org\/de\/workshop-between-choice-and-command\/\" aria-label=\"&#8220;Between Choice and Command&#8221; &#8211; Workshop mit Abendvortrag\"><img loading=\"lazy\" decoding=\"async\" width=\"1440\" height=\"1800\" src=\"https:\/\/www.voluntariness.org\/wp-content\/uploads\/sites\/2\/2025\/11\/between-choice-and-command-insta.jpg\" class=\"attachment-us_600_600_crop size-us_600_600_crop wp-post-image\" alt=\"\" \/><\/a><div style=\"padding-bottom:100%\"><\/div><\/div><div class=\"w-vwrapper usg_vwrapper_1 align_left valign_top\"><h2 class=\"w-post-elm post_title usg_post_title_1 entry-title color_link_inherit\"><a href=\"https:\/\/www.voluntariness.org\/de\/workshop-between-choice-and-command\/\">&#8220;Between Choice and Command&#8221; &#8211; Workshop mit Abendvortrag<\/a><\/h2><div class=\"w-hwrapper usg_hwrapper_2 has_text_color align_left valign_top wrap\"><time class=\"w-post-elm post_date usg_post_date_1 has_text_color entry-date published\" datetime=\"2025-11-21T10:10:52+01:00\" title=\"21 November 2025 um 10:10:52 Europe\/Berlin\u00a0Uhr\">21. November 2025<\/time><\/div><div class=\"w-post-elm post_content usg_post_content_1\"><p>Am 1. und 2. Dezember 2025 widmet sich ein Workshop, organisiert von Florian Wagner, der Frage nach Freiwilligkeit, Migration und R\u00fcckkehr innerhalb kolonialer Imperien. Die Veranstaltung findet an der Universit\u00e4t Erfurt statt, u.a. mit einer Keynote Lecture von D\u00f3nal Hassett.<\/p>\n<\/div><\/div><\/div>\t\t<\/div>\r\n\t\t\t<\/article>\r\n\t<article class=\"w-grid-item post-15761 post type-post status-publish format-standard has-post-thumbnail hentry category-news-de tag-agency-de tag-frauen tag-gasete tag-geschichte tag-ghana-de tag-postcoloniality-de tag-postkolonialitaet tag-voluntariness-de tag-workshop-de\" data-id=\"15761\">\r\n\t\t<div class=\"w-grid-item-h\">\r\n\t\t\t\t\t\t<div class=\"w-hwrapper usg_hwrapper_1 align_left valign_top wrap\"><div class=\"w-post-elm post_image usg_post_image_1 as_circle has_width has_ratio\"><a href=\"https:\/\/www.voluntariness.org\/de\/workshop-unsilenced-voices\/\" aria-label=\"Filmvorf\u00fchrung und Workshop \u2013 &#8220;Unsilenced Voices&#8221;\"><img loading=\"lazy\" decoding=\"async\" width=\"2560\" height=\"1696\" src=\"https:\/\/www.voluntariness.org\/wp-content\/uploads\/sites\/2\/2024\/05\/mural-in-accra-web-scaled.jpg\" class=\"attachment-us_600_600_crop size-us_600_600_crop wp-post-image\" alt=\"\" \/><\/a><div style=\"padding-bottom:100%\"><\/div><\/div><div class=\"w-vwrapper usg_vwrapper_1 align_left valign_top\"><h2 class=\"w-post-elm post_title usg_post_title_1 entry-title color_link_inherit\"><a href=\"https:\/\/www.voluntariness.org\/de\/workshop-unsilenced-voices\/\">Filmvorf\u00fchrung und Workshop \u2013 &#8220;Unsilenced Voices&#8221;<\/a><\/h2><div class=\"w-hwrapper usg_hwrapper_2 has_text_color align_left valign_top wrap\"><time class=\"w-post-elm post_date usg_post_date_1 has_text_color entry-date published\" datetime=\"2025-11-04T16:30:25+01:00\" title=\"4 November 2025 um 16:30:25 Europe\/Berlin\u00a0Uhr\">4. November 2025<\/time><\/div><div class=\"w-post-elm post_content usg_post_content_1\"><p>Am 15. und 16. Dezember 2025 wird es bei einem Workshop um Freiwilligkeit und Aktivismus von Frauen in Ghana und anderen (post-)kolonialen Kontexten gehen. Wir starten in das Thema mit einer Filmvorf\u00fchrung und anschlie\u00dfender Diskussion des Dokumentarfilms &#8220;When Women Speak&#8221; von 2022. Darauf folgt ein Workshop zu aktuellen Forschungsperspektiven und Zug\u00e4ngen zum Thema \u201cVoluntariness, Women\u2019s Activism and (Post-)Colonial Narratives.\u201d<\/p>\n<\/div><\/div><\/div>\t\t<\/div>\r\n\t\t\t<\/article>\r\n\t<article class=\"w-grid-item post-15623 post type-post status-publish format-standard has-post-thumbnail hentry category-news-de tag-bauernkriege tag-freiheit tag-participation tag-peasants-wars tag-philosophie tag-vortrag\" data-id=\"15623\">\r\n\t\t<div class=\"w-grid-item-h\">\r\n\t\t\t\t\t\t<div class=\"w-hwrapper usg_hwrapper_1 align_left valign_top wrap\"><div class=\"w-post-elm post_image usg_post_image_1 as_circle has_width has_ratio\"><a href=\"https:\/\/www.voluntariness.org\/de\/tagung-bauernkriege-2025\/\" aria-label=\"Tagung zur politischen Philosophie der Bauernkriege \u2013 Mit einem Vortrag von Philipp Schink\"><img loading=\"lazy\" decoding=\"async\" width=\"2452\" height=\"1834\" src=\"https:\/\/www.voluntariness.org\/wp-content\/uploads\/sites\/2\/2025\/10\/traumgesicht_duerer_web.jpg\" class=\"attachment-us_600_600_crop size-us_600_600_crop wp-post-image\" alt=\"\" \/><\/a><div style=\"padding-bottom:100%\"><\/div><\/div><div class=\"w-vwrapper usg_vwrapper_1 align_left valign_top\"><h2 class=\"w-post-elm post_title usg_post_title_1 entry-title color_link_inherit\"><a href=\"https:\/\/www.voluntariness.org\/de\/tagung-bauernkriege-2025\/\">Tagung zur politischen Philosophie der Bauernkriege \u2013 Mit einem Vortrag von Philipp Schink<\/a><\/h2><div class=\"w-hwrapper usg_hwrapper_2 has_text_color align_left valign_top wrap\"><time class=\"w-post-elm post_date usg_post_date_1 has_text_color entry-date published\" datetime=\"2025-10-08T12:30:49+02:00\" title=\"8 Oktober 2025 um 12:30:49 Europe\/Berlin\u00a0Uhr\">8. Oktober 2025<\/time><\/div><div class=\"w-post-elm post_content usg_post_content_1\"><p>Unter dem Titel \u201eFreyheit und Aufstand \u2013 Zur politischen Philosophie der Bauernkriege\u201c findet am 12. und 13. Dezember 2025 eine Tagung an der Carl von Ossietzky-Universit\u00e4t Oldenburg statt. Philipp Schink, Co-Leiter unseres Teilprojektes aus der Philosophie und Mitorganisator der Tagung, ist mit einem Vortrag vertreten. Infos und Programm gibt es hier.<\/p>\n<\/div><\/div><\/div>\t\t<\/div>\r\n\t\t\t<\/article>\r\n\t<article class=\"w-grid-item post-15608 post type-post status-publish format-standard has-post-thumbnail hentry category-news-de tag-ddr tag-globaler-suden tag-postcoloniality tag-postkolonialitaet tag-vortrag-de\" data-id=\"15608\">\r\n\t\t<div class=\"w-grid-item-h\">\r\n\t\t\t\t\t\t<div class=\"w-hwrapper usg_hwrapper_1 align_left valign_top wrap\"><div class=\"w-post-elm post_image usg_post_image_1 as_circle has_width has_ratio\"><a href=\"https:\/\/www.voluntariness.org\/de\/symposium-weimar-2025\/\" aria-label=\"Symposium \u201eDie sozialistische Welt und der Globale S\u00fcden\u201c &#8211; Mit einem Vortrag von Carsta Langner\"><img loading=\"lazy\" decoding=\"async\" width=\"1060\" height=\"1060\" src=\"https:\/\/www.voluntariness.org\/wp-content\/uploads\/sites\/2\/2025\/10\/ettersberg_symposium_teaser_web.jpg\" class=\"attachment-us_600_600_crop size-us_600_600_crop wp-post-image\" alt=\"\" \/><\/a><div style=\"padding-bottom:100%\"><\/div><\/div><div class=\"w-vwrapper usg_vwrapper_1 align_left valign_top\"><h2 class=\"w-post-elm post_title usg_post_title_1 entry-title color_link_inherit\"><a href=\"https:\/\/www.voluntariness.org\/de\/symposium-weimar-2025\/\">Symposium \u201eDie sozialistische Welt und der Globale S\u00fcden\u201c &#8211; Mit einem Vortrag von Carsta Langner<\/a><\/h2><div class=\"w-hwrapper usg_hwrapper_2 has_text_color align_left valign_top wrap\"><time class=\"w-post-elm post_date usg_post_date_1 has_text_color entry-date published\" datetime=\"2025-10-08T12:00:03+02:00\" title=\"8 Oktober 2025 um 12:00:03 Europe\/Berlin\u00a0Uhr\">8. Oktober 2025<\/time><\/div><div class=\"w-post-elm post_content usg_post_content_1\"><p>Am 7. und 8. November 2025 wird das 23. Internationale Symposium der Stiftung Ettersberg &#8211; &#8220;Die sozialistische Welt und der Globale S\u00fcden&#8221; &#8211; im Reithaus Weimar stattfinden. Dort wird es um vielf\u00e4ltige Ans\u00e4tze und Themen zu \u201eVerflechtungen zwischen der sozialistischen Welt und dem Globalen S\u00fcden\u201c gehen.  Carsta Langner aus unserer Forschungsgruppe wird am 7. November mit einem Vortrag dabei sein.<\/p>\n<\/div><\/div><\/div>\t\t<\/div>\r\n\t\t\t<\/article>\r\n\t<article class=\"w-grid-item post-15562 post type-post status-publish format-standard has-post-thumbnail hentry category-news-de tag-gasete tag-geschichte tag-moral-de tag-news-de tag-voluntariness-de tag-workshop-de\" data-id=\"15562\">\r\n\t\t<div class=\"w-grid-item-h\">\r\n\t\t\t\t\t\t<div class=\"w-hwrapper usg_hwrapper_1 align_left valign_top wrap\"><div class=\"w-post-elm post_image usg_post_image_1 as_circle has_width has_ratio\"><a href=\"https:\/\/www.voluntariness.org\/de\/workshop-moral-history\/\" aria-label=\"Workshop zu \u201cMoral History\u201d \u2013 Abendvortrag und Podiumsdiskussion\"><img loading=\"lazy\" decoding=\"async\" width=\"2202\" height=\"2202\" src=\"https:\/\/www.voluntariness.org\/wp-content\/uploads\/sites\/2\/2025\/12\/moral-history-square-1.jpg\" class=\"attachment-us_600_600_crop size-us_600_600_crop wp-post-image\" alt=\"\" \/><\/a><div style=\"padding-bottom:100%\"><\/div><\/div><div class=\"w-vwrapper usg_vwrapper_1 align_left valign_top\"><h2 class=\"w-post-elm post_title usg_post_title_1 entry-title color_link_inherit\"><a href=\"https:\/\/www.voluntariness.org\/de\/workshop-moral-history\/\">Workshop zu \u201cMoral History\u201d \u2013 Abendvortrag und Podiumsdiskussion<\/a><\/h2><div class=\"w-hwrapper usg_hwrapper_2 has_text_color align_left valign_top wrap\"><time class=\"w-post-elm post_date usg_post_date_1 has_text_color entry-date published\" datetime=\"2025-10-07T16:00:00+02:00\" title=\"7 Oktober 2025 um 16:00:00 Europe\/Berlin\u00a0Uhr\">7. Oktober 2025<\/time><\/div><div class=\"w-post-elm post_content usg_post_content_1\"><p>Am 04. und 05. Dezember 2025 befassen wir uns bei einem Workshop mit \u201emoral history\u201c. Am Donnerstag geht es in einem Abendvortrag um \u201e\u00d6konomien der Moral\u201c. Am Freitagvormittag wenden wir uns bei einer Podiumsdiskussion der Frage zu: \u201eThe Historian as Reflexive Moral Subject. New Challenge or New Normal?\u201d<\/p>\n<\/div><\/div><\/div>\t\t<\/div>\r\n\t\t\t<\/article>\r\n\t<article class=\"w-grid-item post-15502 post type-post status-publish format-standard has-post-thumbnail hentry category-news-de tag-gasete tag-news-de tag-postcoloniality-de tag-solidaritat tag-voluntariness-de\" data-id=\"15502\">\r\n\t\t<div class=\"w-grid-item-h\">\r\n\t\t\t\t\t\t<div class=\"w-hwrapper usg_hwrapper_1 align_left valign_top wrap\"><div class=\"w-post-elm post_image usg_post_image_1 as_circle has_width has_ratio\"><a href=\"https:\/\/www.voluntariness.org\/de\/filmreihe-solidaritaet-und-bevormundung-die-ddr-und-der-globale-sueden\/\" aria-label=\"Filmreihe \u201eSolidarit\u00e4t und Bevormundung \u2013 Die DDR und der Globale S\u00fcden\u201c\"><img loading=\"lazy\" decoding=\"async\" width=\"2560\" height=\"1707\" src=\"https:\/\/www.voluntariness.org\/wp-content\/uploads\/sites\/2\/2025\/09\/filmreihe_projektor-scaled.jpg\" class=\"attachment-us_600_600_crop size-us_600_600_crop wp-post-image\" alt=\"\" \/><\/a><div style=\"padding-bottom:100%\"><\/div><\/div><div class=\"w-vwrapper usg_vwrapper_1 align_left valign_top\"><h2 class=\"w-post-elm post_title usg_post_title_1 entry-title color_link_inherit\"><a href=\"https:\/\/www.voluntariness.org\/de\/filmreihe-solidaritaet-und-bevormundung-die-ddr-und-der-globale-sueden\/\">Filmreihe \u201eSolidarit\u00e4t und Bevormundung \u2013 Die DDR und der Globale S\u00fcden\u201c<\/a><\/h2><div class=\"w-hwrapper usg_hwrapper_2 has_text_color align_left valign_top wrap\"><time class=\"w-post-elm post_date usg_post_date_1 has_text_color entry-date published\" datetime=\"2025-09-10T10:00:30+02:00\" title=\"10 September 2025 um 10:00:30 Europe\/Berlin\u00a0Uhr\">10. September 2025<\/time><\/div><div class=\"w-post-elm post_content usg_post_content_1\"><p>Im Wintersemester 2025\/26 pr\u00e4sentieren wir eine Filmreihe mit dem Titel &#8220;Solidarit\u00e4t und Bevormundung &#8211; Die DDR und der Globale S\u00fcden&#8221; und laden herzlich dazu ein, an vier einzelnen Filmvorf\u00fchrungen mit anschlie\u00dfender Diskussion in Erfurt teilzunehmen! In diesem Beitrag geht&#8217;s zum ausf\u00fchrlichen Programm.<\/p>\n<\/div><\/div><\/div>\t\t<\/div>\r\n\t\t\t<\/article>\r\n\t<article class=\"w-grid-item post-15345 post type-post status-publish format-standard has-post-thumbnail hentry category-news-de tag-forschungspraxis tag-news-de tag-voluntariness-de tag-vortrag-de\" data-id=\"15345\">\r\n\t\t<div class=\"w-grid-item-h\">\r\n\t\t\t\t\t\t<div class=\"w-hwrapper usg_hwrapper_1 align_left valign_top wrap\"><div class=\"w-post-elm post_image usg_post_image_1 as_circle has_width has_ratio\"><a href=\"https:\/\/www.voluntariness.org\/de\/treppenhaus-lecture-von-juergen-martschukat-in-erfurt\/\" aria-label=\"\u201eTreppenhaus-Lecture\u201c von J\u00fcrgen Martschukat in Erfurt\"><img loading=\"lazy\" decoding=\"async\" width=\"1280\" height=\"1280\" src=\"https:\/\/www.voluntariness.org\/wp-content\/uploads\/sites\/2\/2025\/05\/frog_popcorn.jpg\" class=\"attachment-us_600_600_crop size-us_600_600_crop wp-post-image\" alt=\"\" \/><\/a><div style=\"padding-bottom:100%\"><\/div><\/div><div class=\"w-vwrapper usg_vwrapper_1 align_left valign_top\"><h2 class=\"w-post-elm post_title usg_post_title_1 entry-title color_link_inherit\"><a href=\"https:\/\/www.voluntariness.org\/de\/treppenhaus-lecture-von-juergen-martschukat-in-erfurt\/\">\u201eTreppenhaus-Lecture\u201c von J\u00fcrgen Martschukat in Erfurt<\/a><\/h2><div class=\"w-hwrapper usg_hwrapper_2 has_text_color align_left valign_top wrap\"><time class=\"w-post-elm post_date usg_post_date_1 has_text_color entry-date published\" datetime=\"2025-05-09T11:48:20+02:00\" title=\"9 Mai 2025 um 11:48:20 Europe\/Berlin\u00a0Uhr\">9. Mai 2025<\/time><\/div><div class=\"w-post-elm post_content usg_post_content_1\"><p>Unter der \u00dcberschrift \u201eAmbivalences of Voluntariness\u201c wird J\u00fcrgen Martschukat als Sprecher der DFG-Forschungsgruppe Freiwilligkeit am Dienstag, den 13.05.2025 von 12:00 bis 12:30 Uhr im Foyer des Erfurter Forschungsbaus \u201eWeltbeziehungen\u201c einen kurzen Einblick in die Forschung unserer Gruppe geben, im Rahmen der Vortragsreihe \u201eTreppenhaus-Lectures\u201c. Kommen Sie gerne vorbei!<\/p>\n<\/div><\/div><\/div>\t\t<\/div>\r\n\t\t\t<\/article>\r\n\t<article class=\"w-grid-item post-15320 post type-post status-publish format-standard has-post-thumbnail hentry category-news-de tag-forschungspraxis tag-news-de tag-voluntariness-de tag-vortrag-de\" data-id=\"15320\">\r\n\t\t<div class=\"w-grid-item-h\">\r\n\t\t\t\t\t\t<div class=\"w-hwrapper usg_hwrapper_1 align_left valign_top wrap\"><div class=\"w-post-elm post_image usg_post_image_1 as_circle has_width has_ratio\"><a href=\"https:\/\/www.voluntariness.org\/de\/vortrag-von-carsta-langner-in-an-der-martin-luther-universitaet-halle-wittenberg\/\" aria-label=\"Vortrag von Carsta Langner in an der Martin-Luther-Universit\u00e4t Halle-Wittenberg\"><img loading=\"lazy\" decoding=\"async\" width=\"1280\" height=\"800\" src=\"https:\/\/www.voluntariness.org\/wp-content\/uploads\/sites\/2\/2024\/09\/poster-solidaritaet-web-landscape.jpg\" class=\"attachment-us_600_600_crop size-us_600_600_crop wp-post-image\" alt=\"\" \/><\/a><div style=\"padding-bottom:100%\"><\/div><\/div><div class=\"w-vwrapper usg_vwrapper_1 align_left valign_top\"><h2 class=\"w-post-elm post_title usg_post_title_1 entry-title color_link_inherit\"><a href=\"https:\/\/www.voluntariness.org\/de\/vortrag-von-carsta-langner-in-an-der-martin-luther-universitaet-halle-wittenberg\/\">Vortrag von Carsta Langner in an der Martin-Luther-Universit\u00e4t Halle-Wittenberg<\/a><\/h2><div class=\"w-hwrapper usg_hwrapper_2 has_text_color align_left valign_top wrap\"><time class=\"w-post-elm post_date usg_post_date_1 has_text_color entry-date published\" datetime=\"2025-04-17T15:14:56+02:00\" title=\"17 April 2025 um 15:14:56 Europe\/Berlin\u00a0Uhr\">17. April 2025<\/time><\/div><div class=\"w-post-elm post_content usg_post_content_1\"><p>Carsta Langner, Mitglied unserer Forschungsgruppe, wird am 17. April 2025 Einblick in ihr aktuelles Projekt und ihre Forschungsperspektive auf Freiwilligkeit und Engagement unter Migrant;innen in der DDR geben. Der Vortrag findet an der Martin-Luther-Universit\u00e4t Universit\u00e4t Halle-Wittenberg statt.<\/p>\n<\/div><\/div><\/div>\t\t<\/div>\r\n\t\t\t<\/article>\r\n<\/div><div class=\"w-grid-carousel-json hidden\" onclick='return {&quot;carousel_settings&quot;:{&quot;aria_labels&quot;:{&quot;prev&quot;:&quot;Zur\\u00fcck&quot;,&quot;next&quot;:&quot;Weiter&quot;},&quot;autoplayContinual&quot;:false,&quot;autoplayHoverPause&quot;:false,&quot;autoplayTimeout&quot;:3000,&quot;autoWidth&quot;:false,&quot;smartSpeed&quot;:800,&quot;margin&quot;:0,&quot;mouseDrag&quot;:true,&quot;rtl&quot;:false,&quot;slideBy&quot;:&quot;1&quot;,&quot;touchDrag&quot;:true,&quot;slideTransition&quot;:&quot;&quot;,&quot;responsive&quot;:{&quot;0&quot;:{&quot;autoHeight&quot;:false,&quot;autoplay&quot;:false,&quot;autoWidth&quot;:false,&quot;center&quot;:false,&quot;dots&quot;:true,&quot;items&quot;:1,&quot;loop&quot;:true,&quot;nav&quot;:false,&quot;stagePadding&quot;:0,&quot;slideBy&quot;:&quot;1&quot;},&quot;601&quot;:{&quot;autoHeight&quot;:false,&quot;autoplay&quot;:false,&quot;autoWidth&quot;:false,&quot;center&quot;:false,&quot;dots&quot;:true,&quot;items&quot;:2,&quot;loop&quot;:true,&quot;nav&quot;:true,&quot;stagePadding&quot;:0,&quot;slideBy&quot;:&quot;1&quot;},&quot;1025&quot;:{&quot;autoHeight&quot;:false,&quot;autoplay&quot;:false,&quot;autoWidth&quot;:false,&quot;center&quot;:false,&quot;dots&quot;:true,&quot;items&quot;:3,&quot;loop&quot;:true,&quot;nav&quot;:true,&quot;stagePadding&quot;:0,&quot;slideBy&quot;:&quot;1&quot;},&quot;1381&quot;:{&quot;items&quot;:3,&quot;autoplay&quot;:false,&quot;center&quot;:false,&quot;dots&quot;:true,&quot;nav&quot;:true,&quot;autoHeight&quot;:false,&quot;autoWidth&quot;:false,&quot;loop&quot;:true,&quot;stagePadding&quot;:0}}}}'><\/div><\/div><div class=\"w-separator size_small\"><\/div><div class=\"w-btn-wrapper align_center\"><a class=\"w-btn us-btn-style_1\" title=\"What\u2019s Going On?\" href=\"https:\/\/www.voluntariness.org\/de\/whats-going-on-2\/\"><span class=\"w-btn-label\">Alle News &amp; Events<\/span><\/a><\/div><\/div><\/div><\/div><\/div><\/div><\/section><section class=\"l-section wpb_row height_medium\"><div class=\"l-section-overlay\" style=\"background:var(--color-content-bg-alt)\"><\/div><div class=\"l-section-h i-cf\"><div class=\"g-cols vc_row via_flex valign_top type_default stacking_default\"><div class=\"vc_col-sm-12 wpb_column vc_column_container\"><div class=\"vc_column-inner\"><div class=\"wpb_wrapper\"><div class=\"wpb_text_column us_custom_0259209c has_text_color\"><div class=\"wpb_wrapper\"><h2 style=\"text-align: center\">Events<\/h2>\n<\/div><\/div><div class=\"w-separator size_small\"><\/div><div class=\"w-grid us_carousel us_custom_5784ee0c type_carousel layout_gallery_default preload_style_spinner open_items_in_popup items_3\" id=\"us_grid_4\" style=\"--items:3;--gap:1.5rem;\"><style>.layout_gallery_default .w-grid-item-h{}<\/style><div class=\"w-grid-list owl-carousel valign_stretch dotstyle_circle navstyle_3 arrows-ver-pos_middle arrows-hor-pos_on_sides_outside arrows-disabled_hide owl-responsive-2000 with_dots with_arrows\" style=\"--transition-duration:800ms;--arrows-size:1.5rem;--arrows-hor-offset:calc(0px + 1.5rem);--arrows-gap:10px;\">\t<article class=\"w-grid-item post-16249 attachment type-attachment status-inherit hentry\" data-id=\"16249\">\r\n\t\t<div class=\"w-grid-item-h\">\r\n\t\t\t\t\t\t<div class=\"w-post-elm post_image usg_post_image_1 stretched\"><img loading=\"lazy\" decoding=\"async\" width=\"565\" height=\"800\" src=\"https:\/\/www.voluntariness.org\/wp-content\/uploads\/sites\/2\/2026\/03\/Freiwilligkeit-Historisches-Seminar-Vortragsreihe-SoSe-2026-565x800.jpg\" class=\"attachment-large size-large\" alt=\"\" srcset=\"https:\/\/www.voluntariness.org\/wp-content\/uploads\/sites\/2\/2026\/03\/Freiwilligkeit-Historisches-Seminar-Vortragsreihe-SoSe-2026-565x800.jpg 565w, https:\/\/www.voluntariness.org\/wp-content\/uploads\/sites\/2\/2026\/03\/Freiwilligkeit-Historisches-Seminar-Vortragsreihe-SoSe-2026-177x250.jpg 177w, https:\/\/www.voluntariness.org\/wp-content\/uploads\/sites\/2\/2026\/03\/Freiwilligkeit-Historisches-Seminar-Vortragsreihe-SoSe-2026-756x1070.jpg 756w, https:\/\/www.voluntariness.org\/wp-content\/uploads\/sites\/2\/2026\/03\/Freiwilligkeit-Historisches-Seminar-Vortragsreihe-SoSe-2026-212x300.jpg 212w, https:\/\/www.voluntariness.org\/wp-content\/uploads\/sites\/2\/2026\/03\/Freiwilligkeit-Historisches-Seminar-Vortragsreihe-SoSe-2026.jpg 1684w\" sizes=\"auto, (max-width: 565px) 100vw, 565px\" \/><\/div>\t\t<\/div>\r\n\t\t\t<\/article>\r\n\t<article class=\"w-grid-item post-16174 attachment type-attachment status-inherit hentry\" data-id=\"16174\">\r\n\t\t<div class=\"w-grid-item-h\">\r\n\t\t\t\t\t\t<div class=\"w-post-elm post_image usg_post_image_1 stretched\"><img loading=\"lazy\" decoding=\"async\" width=\"526\" height=\"800\" src=\"https:\/\/www.voluntariness.org\/wp-content\/uploads\/sites\/2\/2026\/02\/filmreihe-poster-exil-web-526x800.jpg\" class=\"attachment-large size-large\" alt=\"\" srcset=\"https:\/\/www.voluntariness.org\/wp-content\/uploads\/sites\/2\/2026\/02\/filmreihe-poster-exil-web-526x800.jpg 526w, https:\/\/www.voluntariness.org\/wp-content\/uploads\/sites\/2\/2026\/02\/filmreihe-poster-exil-web-164x250.jpg 164w, https:\/\/www.voluntariness.org\/wp-content\/uploads\/sites\/2\/2026\/02\/filmreihe-poster-exil-web-704x1070.jpg 704w, https:\/\/www.voluntariness.org\/wp-content\/uploads\/sites\/2\/2026\/02\/filmreihe-poster-exil-web-197x300.jpg 197w, https:\/\/www.voluntariness.org\/wp-content\/uploads\/sites\/2\/2026\/02\/filmreihe-poster-exil-web-scaled.jpg 1684w\" sizes=\"auto, (max-width: 526px) 100vw, 526px\" \/><\/div>\t\t<\/div>\r\n\t\t\t<\/article>\r\n\t<article class=\"w-grid-item post-15863 attachment type-attachment status-inherit hentry\" data-id=\"15863\">\r\n\t\t<div class=\"w-grid-item-h\">\r\n\t\t\t\t\t\t<div class=\"w-post-elm post_image usg_post_image_1 stretched\"><img loading=\"lazy\" decoding=\"async\" width=\"577\" height=\"800\" src=\"https:\/\/www.voluntariness.org\/wp-content\/uploads\/sites\/2\/2025\/11\/poster-unsilenced-voices-erfurt-web.jpg\" class=\"attachment-large size-large\" alt=\"\" \/><\/div>\t\t<\/div>\r\n\t\t\t<\/article>\r\n\t<article class=\"w-grid-item post-15861 attachment type-attachment status-inherit hentry\" data-id=\"15861\">\r\n\t\t<div class=\"w-grid-item-h\">\r\n\t\t\t\t\t\t<div class=\"w-post-elm post_image usg_post_image_1 stretched\"><img loading=\"lazy\" decoding=\"async\" width=\"567\" height=\"800\" src=\"https:\/\/www.voluntariness.org\/wp-content\/uploads\/sites\/2\/2025\/11\/filmvorfuhrung-isabel-auf-der-treppe-web.jpg\" class=\"attachment-large size-large\" alt=\"\" \/><\/div>\t\t<\/div>\r\n\t\t\t<\/article>\r\n\t<article class=\"w-grid-item post-15819 attachment type-attachment status-inherit hentry\" data-id=\"15819\">\r\n\t\t<div class=\"w-grid-item-h\">\r\n\t\t\t\t\t\t<div class=\"w-post-elm post_image usg_post_image_1 stretched\"><img loading=\"lazy\" decoding=\"async\" width=\"565\" height=\"800\" src=\"https:\/\/www.voluntariness.org\/wp-content\/uploads\/sites\/2\/2025\/11\/between-choice-and-command-poster-web-565x800.jpg\" class=\"attachment-large size-large\" alt=\"\" srcset=\"https:\/\/www.voluntariness.org\/wp-content\/uploads\/sites\/2\/2025\/11\/between-choice-and-command-poster-web-565x800.jpg 565w, https:\/\/www.voluntariness.org\/wp-content\/uploads\/sites\/2\/2025\/11\/between-choice-and-command-poster-web-177x250.jpg 177w, https:\/\/www.voluntariness.org\/wp-content\/uploads\/sites\/2\/2025\/11\/between-choice-and-command-poster-web-756x1070.jpg 756w, https:\/\/www.voluntariness.org\/wp-content\/uploads\/sites\/2\/2025\/11\/between-choice-and-command-poster-web-212x300.jpg 212w\" sizes=\"auto, (max-width: 565px) 100vw, 565px\" \/><\/div>\t\t<\/div>\r\n\t\t\t<\/article>\r\n\t<article class=\"w-grid-item post-15743 attachment type-attachment status-inherit hentry\" data-id=\"15743\">\r\n\t\t<div class=\"w-grid-item-h\">\r\n\t\t\t\t\t\t<div class=\"w-post-elm post_image usg_post_image_1 stretched\"><img loading=\"lazy\" decoding=\"async\" width=\"527\" height=\"800\" src=\"https:\/\/www.voluntariness.org\/wp-content\/uploads\/sites\/2\/2025\/10\/filmreihe-poster-jenseits-von-klein-wanzleben-web.jpg\" class=\"attachment-large size-large\" alt=\"\" \/><\/div>\t\t<\/div>\r\n\t\t\t<\/article>\r\n\t<article class=\"w-grid-item post-15334 attachment type-attachment status-inherit hentry\" data-id=\"15334\">\r\n\t\t<div class=\"w-grid-item-h\">\r\n\t\t\t\t\t\t<div class=\"w-post-elm post_image usg_post_image_1 stretched\"><img loading=\"lazy\" decoding=\"async\" width=\"566\" height=\"800\" src=\"https:\/\/www.voluntariness.org\/wp-content\/uploads\/sites\/2\/2025\/04\/VORTRAG_aselmeyer_poster-566x800.jpg\" class=\"attachment-large size-large\" alt=\"\" srcset=\"https:\/\/www.voluntariness.org\/wp-content\/uploads\/sites\/2\/2025\/04\/VORTRAG_aselmeyer_poster-566x800.jpg 566w, https:\/\/www.voluntariness.org\/wp-content\/uploads\/sites\/2\/2025\/04\/VORTRAG_aselmeyer_poster-177x250.jpg 177w, https:\/\/www.voluntariness.org\/wp-content\/uploads\/sites\/2\/2025\/04\/VORTRAG_aselmeyer_poster-757x1070.jpg 757w, https:\/\/www.voluntariness.org\/wp-content\/uploads\/sites\/2\/2025\/04\/VORTRAG_aselmeyer_poster-212x300.jpg 212w, https:\/\/www.voluntariness.org\/wp-content\/uploads\/sites\/2\/2025\/04\/VORTRAG_aselmeyer_poster-scaled.jpg 1810w\" sizes=\"auto, (max-width: 566px) 100vw, 566px\" \/><\/div>\t\t<\/div>\r\n\t\t\t<\/article>\r\n\t<article class=\"w-grid-item post-15028 attachment type-attachment status-inherit hentry\" data-id=\"15028\">\r\n\t\t<div class=\"w-grid-item-h\">\r\n\t\t\t\t\t\t<div class=\"w-post-elm post_image usg_post_image_1 stretched\"><img loading=\"lazy\" decoding=\"async\" width=\"579\" height=\"800\" src=\"https:\/\/www.voluntariness.org\/wp-content\/uploads\/sites\/2\/2024\/09\/Poster-Podiumsdiskussion-Erfurt-579x800.jpg\" class=\"attachment-large size-large\" alt=\"\" srcset=\"https:\/\/www.voluntariness.org\/wp-content\/uploads\/sites\/2\/2024\/09\/Poster-Podiumsdiskussion-Erfurt-579x800.jpg 579w, https:\/\/www.voluntariness.org\/wp-content\/uploads\/sites\/2\/2024\/09\/Poster-Podiumsdiskussion-Erfurt-181x250.jpg 181w, https:\/\/www.voluntariness.org\/wp-content\/uploads\/sites\/2\/2024\/09\/Poster-Podiumsdiskussion-Erfurt-774x1070.jpg 774w, https:\/\/www.voluntariness.org\/wp-content\/uploads\/sites\/2\/2024\/09\/Poster-Podiumsdiskussion-Erfurt-217x300.jpg 217w, https:\/\/www.voluntariness.org\/wp-content\/uploads\/sites\/2\/2024\/09\/Poster-Podiumsdiskussion-Erfurt-scaled.jpg 1852w\" sizes=\"auto, (max-width: 579px) 100vw, 579px\" \/><\/div>\t\t<\/div>\r\n\t\t\t<\/article>\r\n\t<article class=\"w-grid-item post-15004 attachment type-attachment status-inherit hentry\" data-id=\"15004\">\r\n\t\t<div class=\"w-grid-item-h\">\r\n\t\t\t\t\t\t<div class=\"w-post-elm post_image usg_post_image_1 stretched\"><img loading=\"lazy\" decoding=\"async\" width=\"574\" height=\"800\" src=\"https:\/\/www.voluntariness.org\/wp-content\/uploads\/sites\/2\/2024\/09\/Poster-Workshop-Contested-Ownership-574x800.jpg\" class=\"attachment-large size-large\" alt=\"\" srcset=\"https:\/\/www.voluntariness.org\/wp-content\/uploads\/sites\/2\/2024\/09\/Poster-Workshop-Contested-Ownership-574x800.jpg 574w, https:\/\/www.voluntariness.org\/wp-content\/uploads\/sites\/2\/2024\/09\/Poster-Workshop-Contested-Ownership-179x250.jpg 179w, https:\/\/www.voluntariness.org\/wp-content\/uploads\/sites\/2\/2024\/09\/Poster-Workshop-Contested-Ownership-768x1070.jpg 768w, https:\/\/www.voluntariness.org\/wp-content\/uploads\/sites\/2\/2024\/09\/Poster-Workshop-Contested-Ownership-215x300.jpg 215w, https:\/\/www.voluntariness.org\/wp-content\/uploads\/sites\/2\/2024\/09\/Poster-Workshop-Contested-Ownership-scaled.jpg 1836w\" sizes=\"auto, (max-width: 574px) 100vw, 574px\" \/><\/div>\t\t<\/div>\r\n\t\t\t<\/article>\r\n\t<article class=\"w-grid-item post-14839 attachment type-attachment status-inherit hentry\" data-id=\"14839\">\r\n\t\t<div class=\"w-grid-item-h\">\r\n\t\t\t\t\t\t<div class=\"w-post-elm post_image usg_post_image_1 stretched\"><img loading=\"lazy\" decoding=\"async\" width=\"566\" height=\"800\" src=\"https:\/\/www.voluntariness.org\/wp-content\/uploads\/sites\/2\/2024\/07\/VORTRAG_opong_poster_WEB-566x800.jpg\" class=\"attachment-large size-large\" alt=\"\" srcset=\"https:\/\/www.voluntariness.org\/wp-content\/uploads\/sites\/2\/2024\/07\/VORTRAG_opong_poster_WEB-566x800.jpg 566w, https:\/\/www.voluntariness.org\/wp-content\/uploads\/sites\/2\/2024\/07\/VORTRAG_opong_poster_WEB-177x250.jpg 177w, https:\/\/www.voluntariness.org\/wp-content\/uploads\/sites\/2\/2024\/07\/VORTRAG_opong_poster_WEB-757x1070.jpg 757w, https:\/\/www.voluntariness.org\/wp-content\/uploads\/sites\/2\/2024\/07\/VORTRAG_opong_poster_WEB-212x300.jpg 212w, https:\/\/www.voluntariness.org\/wp-content\/uploads\/sites\/2\/2024\/07\/VORTRAG_opong_poster_WEB.jpg 1191w\" sizes=\"auto, (max-width: 566px) 100vw, 566px\" \/><\/div>\t\t<\/div>\r\n\t\t\t<\/article>\r\n\t<article class=\"w-grid-item post-14423 attachment type-attachment status-inherit hentry\" data-id=\"14423\">\r\n\t\t<div class=\"w-grid-item-h\">\r\n\t\t\t\t\t\t<div class=\"w-post-elm post_image usg_post_image_1 stretched\"><img loading=\"lazy\" decoding=\"async\" width=\"566\" height=\"800\" src=\"https:\/\/www.voluntariness.org\/wp-content\/uploads\/sites\/2\/2024\/05\/WS_nanterre_ambivalences_of_voluntariness-566x800.jpg\" class=\"attachment-large size-large\" alt=\"\" srcset=\"https:\/\/www.voluntariness.org\/wp-content\/uploads\/sites\/2\/2024\/05\/WS_nanterre_ambivalences_of_voluntariness-566x800.jpg 566w, https:\/\/www.voluntariness.org\/wp-content\/uploads\/sites\/2\/2024\/05\/WS_nanterre_ambivalences_of_voluntariness-177x250.jpg 177w, https:\/\/www.voluntariness.org\/wp-content\/uploads\/sites\/2\/2024\/05\/WS_nanterre_ambivalences_of_voluntariness-757x1070.jpg 757w, https:\/\/www.voluntariness.org\/wp-content\/uploads\/sites\/2\/2024\/05\/WS_nanterre_ambivalences_of_voluntariness-212x300.jpg 212w, https:\/\/www.voluntariness.org\/wp-content\/uploads\/sites\/2\/2024\/05\/WS_nanterre_ambivalences_of_voluntariness.jpg 1191w\" sizes=\"auto, (max-width: 566px) 100vw, 566px\" \/><\/div>\t\t<\/div>\r\n\t\t\t<\/article>\r\n\t<article class=\"w-grid-item post-14372 attachment type-attachment status-inherit hentry\" data-id=\"14372\">\r\n\t\t<div class=\"w-grid-item-h\">\r\n\t\t\t\t\t\t<div class=\"w-post-elm post_image usg_post_image_1 stretched\"><img loading=\"lazy\" decoding=\"async\" width=\"566\" height=\"800\" src=\"https:\/\/www.voluntariness.org\/wp-content\/uploads\/sites\/2\/2024\/04\/VORTRAG_govrin_poster-566x800.jpg\" class=\"attachment-large size-large\" alt=\"\" srcset=\"https:\/\/www.voluntariness.org\/wp-content\/uploads\/sites\/2\/2024\/04\/VORTRAG_govrin_poster-566x800.jpg 566w, https:\/\/www.voluntariness.org\/wp-content\/uploads\/sites\/2\/2024\/04\/VORTRAG_govrin_poster-177x250.jpg 177w, https:\/\/www.voluntariness.org\/wp-content\/uploads\/sites\/2\/2024\/04\/VORTRAG_govrin_poster-757x1070.jpg 757w, https:\/\/www.voluntariness.org\/wp-content\/uploads\/sites\/2\/2024\/04\/VORTRAG_govrin_poster-212x300.jpg 212w, https:\/\/www.voluntariness.org\/wp-content\/uploads\/sites\/2\/2024\/04\/VORTRAG_govrin_poster.jpg 1191w\" sizes=\"auto, (max-width: 566px) 100vw, 566px\" \/><\/div>\t\t<\/div>\r\n\t\t\t<\/article>\r\n\t<article class=\"w-grid-item post-14168 attachment type-attachment status-inherit hentry\" data-id=\"14168\">\r\n\t\t<div class=\"w-grid-item-h\">\r\n\t\t\t\t\t\t<div class=\"w-post-elm post_image usg_post_image_1 stretched\"><img loading=\"lazy\" decoding=\"async\" width=\"566\" height=\"800\" src=\"https:\/\/www.voluntariness.org\/wp-content\/uploads\/sites\/2\/2024\/04\/WS_voluntary_healthcare_olivarius-566x800.jpg\" class=\"attachment-large size-large\" alt=\"\" srcset=\"https:\/\/www.voluntariness.org\/wp-content\/uploads\/sites\/2\/2024\/04\/WS_voluntary_healthcare_olivarius-566x800.jpg 566w, https:\/\/www.voluntariness.org\/wp-content\/uploads\/sites\/2\/2024\/04\/WS_voluntary_healthcare_olivarius-177x250.jpg 177w, https:\/\/www.voluntariness.org\/wp-content\/uploads\/sites\/2\/2024\/04\/WS_voluntary_healthcare_olivarius-757x1070.jpg 757w, https:\/\/www.voluntariness.org\/wp-content\/uploads\/sites\/2\/2024\/04\/WS_voluntary_healthcare_olivarius-212x300.jpg 212w, https:\/\/www.voluntariness.org\/wp-content\/uploads\/sites\/2\/2024\/04\/WS_voluntary_healthcare_olivarius.jpg 1191w\" sizes=\"auto, (max-width: 566px) 100vw, 566px\" \/><\/div>\t\t<\/div>\r\n\t\t\t<\/article>\r\n\t<article class=\"w-grid-item post-14177 attachment type-attachment status-inherit hentry\" data-id=\"14177\">\r\n\t\t<div class=\"w-grid-item-h\">\r\n\t\t\t\t\t\t<div class=\"w-post-elm post_image usg_post_image_1 stretched\"><img loading=\"lazy\" decoding=\"async\" width=\"566\" height=\"800\" src=\"https:\/\/www.voluntariness.org\/wp-content\/uploads\/sites\/2\/2024\/04\/WS_buchenwald_poster_final-566x800.jpg\" class=\"attachment-large size-large\" alt=\"\" srcset=\"https:\/\/www.voluntariness.org\/wp-content\/uploads\/sites\/2\/2024\/04\/WS_buchenwald_poster_final-566x800.jpg 566w, https:\/\/www.voluntariness.org\/wp-content\/uploads\/sites\/2\/2024\/04\/WS_buchenwald_poster_final-177x250.jpg 177w, https:\/\/www.voluntariness.org\/wp-content\/uploads\/sites\/2\/2024\/04\/WS_buchenwald_poster_final-757x1070.jpg 757w, https:\/\/www.voluntariness.org\/wp-content\/uploads\/sites\/2\/2024\/04\/WS_buchenwald_poster_final-212x300.jpg 212w, https:\/\/www.voluntariness.org\/wp-content\/uploads\/sites\/2\/2024\/04\/WS_buchenwald_poster_final.jpg 1191w\" sizes=\"auto, (max-width: 566px) 100vw, 566px\" \/><\/div>\t\t<\/div>\r\n\t\t\t<\/article>\r\n\t<article class=\"w-grid-item post-13514 attachment type-attachment status-inherit hentry\" data-id=\"13514\">\r\n\t\t<div class=\"w-grid-item-h\">\r\n\t\t\t\t\t\t<div class=\"w-post-elm post_image usg_post_image_1 stretched\"><img loading=\"lazy\" decoding=\"async\" width=\"566\" height=\"800\" src=\"https:\/\/www.voluntariness.org\/wp-content\/uploads\/sites\/2\/2023\/09\/konferenz_graz_programm-566x800.jpg\" class=\"attachment-large size-large\" alt=\"\" srcset=\"https:\/\/www.voluntariness.org\/wp-content\/uploads\/sites\/2\/2023\/09\/konferenz_graz_programm-566x800.jpg 566w, https:\/\/www.voluntariness.org\/wp-content\/uploads\/sites\/2\/2023\/09\/konferenz_graz_programm-177x250.jpg 177w, https:\/\/www.voluntariness.org\/wp-content\/uploads\/sites\/2\/2023\/09\/konferenz_graz_programm-757x1070.jpg 757w, https:\/\/www.voluntariness.org\/wp-content\/uploads\/sites\/2\/2023\/09\/konferenz_graz_programm-212x300.jpg 212w, https:\/\/www.voluntariness.org\/wp-content\/uploads\/sites\/2\/2023\/09\/konferenz_graz_programm-scaled.jpg 1811w\" sizes=\"auto, (max-width: 566px) 100vw, 566px\" \/><\/div>\t\t<\/div>\r\n\t\t\t<\/article>\r\n\t<article class=\"w-grid-item post-13443 attachment type-attachment status-inherit hentry\" data-id=\"13443\">\r\n\t\t<div class=\"w-grid-item-h\">\r\n\t\t\t\t\t\t<div class=\"w-post-elm post_image usg_post_image_1 stretched\"><img loading=\"lazy\" decoding=\"async\" width=\"566\" height=\"800\" src=\"https:\/\/www.voluntariness.org\/wp-content\/uploads\/sites\/2\/2023\/07\/reflect-yourself-poster-programm-566x800.jpg\" class=\"attachment-large size-large\" alt=\"reflect yourself poster programm\" srcset=\"https:\/\/www.voluntariness.org\/wp-content\/uploads\/sites\/2\/2023\/07\/reflect-yourself-poster-programm-566x800.jpg 566w, https:\/\/www.voluntariness.org\/wp-content\/uploads\/sites\/2\/2023\/07\/reflect-yourself-poster-programm-177x250.jpg 177w, https:\/\/www.voluntariness.org\/wp-content\/uploads\/sites\/2\/2023\/07\/reflect-yourself-poster-programm-757x1070.jpg 757w, https:\/\/www.voluntariness.org\/wp-content\/uploads\/sites\/2\/2023\/07\/reflect-yourself-poster-programm-212x300.jpg 212w, https:\/\/www.voluntariness.org\/wp-content\/uploads\/sites\/2\/2023\/07\/reflect-yourself-poster-programm-scaled.jpg 1812w\" sizes=\"auto, (max-width: 566px) 100vw, 566px\" \/><\/div>\t\t<\/div>\r\n\t\t\t<\/article>\r\n\t<article class=\"w-grid-item post-13406 attachment type-attachment status-inherit hentry\" data-id=\"13406\">\r\n\t\t<div class=\"w-grid-item-h\">\r\n\t\t\t\t\t\t<div class=\"w-post-elm post_image usg_post_image_1 stretched\"><img loading=\"lazy\" decoding=\"async\" width=\"566\" height=\"800\" src=\"https:\/\/www.voluntariness.org\/wp-content\/uploads\/sites\/2\/2023\/06\/WS_port_poster_schwarz-gelb-566x800.jpg\" class=\"attachment-large size-large\" alt=\"\" srcset=\"https:\/\/www.voluntariness.org\/wp-content\/uploads\/sites\/2\/2023\/06\/WS_port_poster_schwarz-gelb-566x800.jpg 566w, https:\/\/www.voluntariness.org\/wp-content\/uploads\/sites\/2\/2023\/06\/WS_port_poster_schwarz-gelb-177x250.jpg 177w, https:\/\/www.voluntariness.org\/wp-content\/uploads\/sites\/2\/2023\/06\/WS_port_poster_schwarz-gelb-757x1070.jpg 757w, https:\/\/www.voluntariness.org\/wp-content\/uploads\/sites\/2\/2023\/06\/WS_port_poster_schwarz-gelb-212x300.jpg 212w, https:\/\/www.voluntariness.org\/wp-content\/uploads\/sites\/2\/2023\/06\/WS_port_poster_schwarz-gelb.jpg 1191w\" sizes=\"auto, (max-width: 566px) 100vw, 566px\" \/><\/div>\t\t<\/div>\r\n\t\t\t<\/article>\r\n\t<article class=\"w-grid-item post-13430 attachment type-attachment status-inherit hentry\" data-id=\"13430\">\r\n\t\t<div class=\"w-grid-item-h\">\r\n\t\t\t\t\t\t<div class=\"w-post-elm post_image usg_post_image_1 stretched\"><img loading=\"lazy\" decoding=\"async\" width=\"566\" height=\"800\" src=\"https:\/\/www.voluntariness.org\/wp-content\/uploads\/sites\/2\/2023\/06\/poster-talks-mitchell-dean-2-566x800.jpg\" class=\"attachment-large size-large\" alt=\"\" srcset=\"https:\/\/www.voluntariness.org\/wp-content\/uploads\/sites\/2\/2023\/06\/poster-talks-mitchell-dean-2-566x800.jpg 566w, https:\/\/www.voluntariness.org\/wp-content\/uploads\/sites\/2\/2023\/06\/poster-talks-mitchell-dean-2-177x250.jpg 177w, https:\/\/www.voluntariness.org\/wp-content\/uploads\/sites\/2\/2023\/06\/poster-talks-mitchell-dean-2-757x1070.jpg 757w, https:\/\/www.voluntariness.org\/wp-content\/uploads\/sites\/2\/2023\/06\/poster-talks-mitchell-dean-2-212x300.jpg 212w, https:\/\/www.voluntariness.org\/wp-content\/uploads\/sites\/2\/2023\/06\/poster-talks-mitchell-dean-2.jpg 1191w\" sizes=\"auto, (max-width: 566px) 100vw, 566px\" \/><\/div>\t\t<\/div>\r\n\t\t\t<\/article>\r\n\t<article class=\"w-grid-item post-13225 attachment type-attachment status-inherit hentry\" data-id=\"13225\">\r\n\t\t<div class=\"w-grid-item-h\">\r\n\t\t\t\t\t\t<div class=\"w-post-elm post_image usg_post_image_1 stretched\"><img loading=\"lazy\" decoding=\"async\" width=\"566\" height=\"800\" src=\"https:\/\/www.voluntariness.org\/wp-content\/uploads\/sites\/2\/2023\/04\/workshop_dying_voluntarily_poster-566x800.jpg\" class=\"attachment-large size-large\" alt=\"\" srcset=\"https:\/\/www.voluntariness.org\/wp-content\/uploads\/sites\/2\/2023\/04\/workshop_dying_voluntarily_poster-566x800.jpg 566w, https:\/\/www.voluntariness.org\/wp-content\/uploads\/sites\/2\/2023\/04\/workshop_dying_voluntarily_poster-177x250.jpg 177w, https:\/\/www.voluntariness.org\/wp-content\/uploads\/sites\/2\/2023\/04\/workshop_dying_voluntarily_poster-757x1070.jpg 757w, https:\/\/www.voluntariness.org\/wp-content\/uploads\/sites\/2\/2023\/04\/workshop_dying_voluntarily_poster-212x300.jpg 212w, https:\/\/www.voluntariness.org\/wp-content\/uploads\/sites\/2\/2023\/04\/workshop_dying_voluntarily_poster.jpg 1191w\" sizes=\"auto, (max-width: 566px) 100vw, 566px\" \/><\/div>\t\t<\/div>\r\n\t\t\t<\/article>\r\n\t<article class=\"w-grid-item post-13221 attachment type-attachment status-inherit hentry\" data-id=\"13221\">\r\n\t\t<div class=\"w-grid-item-h\">\r\n\t\t\t\t\t\t<div class=\"w-post-elm post_image usg_post_image_1 stretched\"><img loading=\"lazy\" decoding=\"async\" width=\"566\" height=\"800\" src=\"https:\/\/www.voluntariness.org\/wp-content\/uploads\/sites\/2\/2023\/04\/WS_zeit_und_globalgeschichte_poster-566x800.jpg\" class=\"attachment-large size-large\" alt=\"\" srcset=\"https:\/\/www.voluntariness.org\/wp-content\/uploads\/sites\/2\/2023\/04\/WS_zeit_und_globalgeschichte_poster-566x800.jpg 566w, https:\/\/www.voluntariness.org\/wp-content\/uploads\/sites\/2\/2023\/04\/WS_zeit_und_globalgeschichte_poster-177x250.jpg 177w, https:\/\/www.voluntariness.org\/wp-content\/uploads\/sites\/2\/2023\/04\/WS_zeit_und_globalgeschichte_poster-757x1070.jpg 757w, https:\/\/www.voluntariness.org\/wp-content\/uploads\/sites\/2\/2023\/04\/WS_zeit_und_globalgeschichte_poster-212x300.jpg 212w, https:\/\/www.voluntariness.org\/wp-content\/uploads\/sites\/2\/2023\/04\/WS_zeit_und_globalgeschichte_poster.jpg 1191w\" sizes=\"auto, (max-width: 566px) 100vw, 566px\" \/><\/div>\t\t<\/div>\r\n\t\t\t<\/article>\r\n\t<article class=\"w-grid-item post-12937 attachment type-attachment status-inherit hentry\" data-id=\"12937\">\r\n\t\t<div class=\"w-grid-item-h\">\r\n\t\t\t\t\t\t<div class=\"w-post-elm post_image usg_post_image_1 stretched\"><img loading=\"lazy\" decoding=\"async\" width=\"566\" height=\"800\" src=\"https:\/\/www.voluntariness.org\/wp-content\/uploads\/sites\/2\/2022\/11\/PODDIS_mitmachen_poster-1-566x800.jpg\" class=\"attachment-large size-large\" alt=\"\" srcset=\"https:\/\/www.voluntariness.org\/wp-content\/uploads\/sites\/2\/2022\/11\/PODDIS_mitmachen_poster-1-566x800.jpg 566w, https:\/\/www.voluntariness.org\/wp-content\/uploads\/sites\/2\/2022\/11\/PODDIS_mitmachen_poster-1-177x250.jpg 177w, https:\/\/www.voluntariness.org\/wp-content\/uploads\/sites\/2\/2022\/11\/PODDIS_mitmachen_poster-1-757x1070.jpg 757w, https:\/\/www.voluntariness.org\/wp-content\/uploads\/sites\/2\/2022\/11\/PODDIS_mitmachen_poster-1-212x300.jpg 212w, https:\/\/www.voluntariness.org\/wp-content\/uploads\/sites\/2\/2022\/11\/PODDIS_mitmachen_poster-1.jpg 1191w\" sizes=\"auto, (max-width: 566px) 100vw, 566px\" \/><\/div>\t\t<\/div>\r\n\t\t\t<\/article>\r\n\t<article class=\"w-grid-item post-12847 attachment type-attachment status-inherit hentry\" data-id=\"12847\">\r\n\t\t<div class=\"w-grid-item-h\">\r\n\t\t\t\t\t\t<div class=\"w-post-elm post_image usg_post_image_1 stretched\"><img loading=\"lazy\" decoding=\"async\" width=\"566\" height=\"800\" src=\"https:\/\/www.voluntariness.org\/wp-content\/uploads\/sites\/2\/2022\/11\/HIST_SEM_vortragsreihe_wise2022_23_web-566x800.png\" class=\"attachment-large size-large\" alt=\"\" srcset=\"https:\/\/www.voluntariness.org\/wp-content\/uploads\/sites\/2\/2022\/11\/HIST_SEM_vortragsreihe_wise2022_23_web-566x800.png 566w, https:\/\/www.voluntariness.org\/wp-content\/uploads\/sites\/2\/2022\/11\/HIST_SEM_vortragsreihe_wise2022_23_web-177x250.png 177w, https:\/\/www.voluntariness.org\/wp-content\/uploads\/sites\/2\/2022\/11\/HIST_SEM_vortragsreihe_wise2022_23_web-212x300.png 212w, https:\/\/www.voluntariness.org\/wp-content\/uploads\/sites\/2\/2022\/11\/HIST_SEM_vortragsreihe_wise2022_23_web.png 596w\" sizes=\"auto, (max-width: 566px) 100vw, 566px\" \/><\/div>\t\t<\/div>\r\n\t\t\t<\/article>\r\n\t<article class=\"w-grid-item post-12743 attachment type-attachment status-inherit hentry\" data-id=\"12743\">\r\n\t\t<div class=\"w-grid-item-h\">\r\n\t\t\t\t\t\t<div class=\"w-post-elm post_image usg_post_image_1 stretched\"><img loading=\"lazy\" decoding=\"async\" width=\"566\" height=\"800\" src=\"https:\/\/www.voluntariness.org\/wp-content\/uploads\/sites\/2\/2022\/08\/BuFo_kollege_poster_web-1-566x800.jpg\" class=\"attachment-large size-large\" alt=\"\" srcset=\"https:\/\/www.voluntariness.org\/wp-content\/uploads\/sites\/2\/2022\/08\/BuFo_kollege_poster_web-1-566x800.jpg 566w, https:\/\/www.voluntariness.org\/wp-content\/uploads\/sites\/2\/2022\/08\/BuFo_kollege_poster_web-1-177x250.jpg 177w, https:\/\/www.voluntariness.org\/wp-content\/uploads\/sites\/2\/2022\/08\/BuFo_kollege_poster_web-1-757x1070.jpg 757w, https:\/\/www.voluntariness.org\/wp-content\/uploads\/sites\/2\/2022\/08\/BuFo_kollege_poster_web-1-212x300.jpg 212w, https:\/\/www.voluntariness.org\/wp-content\/uploads\/sites\/2\/2022\/08\/BuFo_kollege_poster_web-1.jpg 1191w\" sizes=\"auto, (max-width: 566px) 100vw, 566px\" \/><\/div>\t\t<\/div>\r\n\t\t\t<\/article>\r\n\t<article class=\"w-grid-item post-12282 attachment type-attachment status-inherit hentry\" data-id=\"12282\">\r\n\t\t<div class=\"w-grid-item-h\">\r\n\t\t\t\t\t\t<div class=\"w-post-elm post_image usg_post_image_1 stretched\"><img loading=\"lazy\" decoding=\"async\" width=\"566\" height=\"800\" src=\"https:\/\/www.voluntariness.org\/wp-content\/uploads\/sites\/2\/2022\/05\/2022_Juni_Dis-Cover-Fellow-Citizens-Workshop_Poster_web-566x800.jpg\" class=\"attachment-large size-large\" alt=\"\" srcset=\"https:\/\/www.voluntariness.org\/wp-content\/uploads\/sites\/2\/2022\/05\/2022_Juni_Dis-Cover-Fellow-Citizens-Workshop_Poster_web-566x800.jpg 566w, https:\/\/www.voluntariness.org\/wp-content\/uploads\/sites\/2\/2022\/05\/2022_Juni_Dis-Cover-Fellow-Citizens-Workshop_Poster_web-177x250.jpg 177w, https:\/\/www.voluntariness.org\/wp-content\/uploads\/sites\/2\/2022\/05\/2022_Juni_Dis-Cover-Fellow-Citizens-Workshop_Poster_web-757x1070.jpg 757w, https:\/\/www.voluntariness.org\/wp-content\/uploads\/sites\/2\/2022\/05\/2022_Juni_Dis-Cover-Fellow-Citizens-Workshop_Poster_web-212x300.jpg 212w, https:\/\/www.voluntariness.org\/wp-content\/uploads\/sites\/2\/2022\/05\/2022_Juni_Dis-Cover-Fellow-Citizens-Workshop_Poster_web-scaled.jpg 1810w\" sizes=\"auto, (max-width: 566px) 100vw, 566px\" \/><\/div>\t\t<\/div>\r\n\t\t\t<\/article>\r\n\t<article class=\"w-grid-item post-12201 attachment type-attachment status-inherit hentry\" data-id=\"12201\">\r\n\t\t<div class=\"w-grid-item-h\">\r\n\t\t\t\t\t\t<div class=\"w-post-elm post_image usg_post_image_1 stretched\"><img loading=\"lazy\" decoding=\"async\" width=\"566\" height=\"800\" src=\"https:\/\/www.voluntariness.org\/wp-content\/uploads\/sites\/2\/2022\/03\/poster-politics-of-voluntariness-566x800.jpg\" class=\"attachment-large size-large\" alt=\"poster politics of voluntariness\" srcset=\"https:\/\/www.voluntariness.org\/wp-content\/uploads\/sites\/2\/2022\/03\/poster-politics-of-voluntariness-566x800.jpg 566w, https:\/\/www.voluntariness.org\/wp-content\/uploads\/sites\/2\/2022\/03\/poster-politics-of-voluntariness-177x250.jpg 177w, https:\/\/www.voluntariness.org\/wp-content\/uploads\/sites\/2\/2022\/03\/poster-politics-of-voluntariness-757x1070.jpg 757w, https:\/\/www.voluntariness.org\/wp-content\/uploads\/sites\/2\/2022\/03\/poster-politics-of-voluntariness-212x300.jpg 212w, https:\/\/www.voluntariness.org\/wp-content\/uploads\/sites\/2\/2022\/03\/poster-politics-of-voluntariness.jpg 1191w\" sizes=\"auto, (max-width: 566px) 100vw, 566px\" \/><\/div>\t\t<\/div>\r\n\t\t\t<\/article>\r\n\t<article class=\"w-grid-item post-10415 attachment type-attachment status-inherit hentry\" data-id=\"10415\">\r\n\t\t<div class=\"w-grid-item-h\">\r\n\t\t\t\t\t\t<div class=\"w-post-elm post_image usg_post_image_1 stretched\"><img loading=\"lazy\" decoding=\"async\" width=\"566\" height=\"800\" src=\"https:\/\/www.voluntariness.org\/wp-content\/uploads\/sites\/2\/2021\/04\/FG_Freiwilligkeit_workshop_thinking-voluntariness-II-566x800.jpg\" class=\"attachment-large size-large\" alt=\"Outline Workshop Thinking Voluntariness II\" srcset=\"https:\/\/www.voluntariness.org\/wp-content\/uploads\/sites\/2\/2021\/04\/FG_Freiwilligkeit_workshop_thinking-voluntariness-II-566x800.jpg 566w, https:\/\/www.voluntariness.org\/wp-content\/uploads\/sites\/2\/2021\/04\/FG_Freiwilligkeit_workshop_thinking-voluntariness-II-177x250.jpg 177w, https:\/\/www.voluntariness.org\/wp-content\/uploads\/sites\/2\/2021\/04\/FG_Freiwilligkeit_workshop_thinking-voluntariness-II-757x1070.jpg 757w, https:\/\/www.voluntariness.org\/wp-content\/uploads\/sites\/2\/2021\/04\/FG_Freiwilligkeit_workshop_thinking-voluntariness-II-212x300.jpg 212w\" sizes=\"auto, (max-width: 566px) 100vw, 566px\" \/><\/div>\t\t<\/div>\r\n\t\t\t<\/article>\r\n\t<article class=\"w-grid-item post-9893 attachment type-attachment status-inherit hentry\" data-id=\"9893\">\r\n\t\t<div class=\"w-grid-item-h\">\r\n\t\t\t\t\t\t<div class=\"w-post-elm post_image usg_post_image_1 stretched\"><img loading=\"lazy\" decoding=\"async\" width=\"566\" height=\"800\" src=\"https:\/\/www.voluntariness.org\/wp-content\/uploads\/sites\/2\/2021\/04\/FW_poster_ws1_englisch_RGB-724x1024.jpg\" class=\"attachment-large size-large\" alt=\"Outline Workshop Thinking Voluntariness I\" srcset=\"https:\/\/www.voluntariness.org\/wp-content\/uploads\/sites\/2\/2021\/04\/FW_poster_ws1_englisch_RGB-724x1024.jpg 724w, https:\/\/www.voluntariness.org\/wp-content\/uploads\/sites\/2\/2021\/04\/FW_poster_ws1_englisch_RGB-212x300.jpg 212w, https:\/\/www.voluntariness.org\/wp-content\/uploads\/sites\/2\/2021\/04\/FW_poster_ws1_englisch_RGB-177x250.jpg 177w\" sizes=\"auto, (max-width: 566px) 100vw, 566px\" \/><\/div>\t\t<\/div>\r\n\t\t\t<\/article>\r\n\t<article class=\"w-grid-item post-10519 attachment type-attachment status-inherit hentry\" data-id=\"10519\">\r\n\t\t<div class=\"w-grid-item-h\">\r\n\t\t\t\t\t\t<div class=\"w-post-elm post_image usg_post_image_1 stretched\"><img loading=\"lazy\" decoding=\"async\" width=\"566\" height=\"800\" src=\"https:\/\/www.voluntariness.org\/wp-content\/uploads\/sites\/2\/2021\/06\/FG_Freiwilligkeit_ws_thinking-voluntariness-neoliberlasim_web-566x800.jpg\" class=\"attachment-large size-large\" alt=\"Outline Workshop Thinking Voluntariness II\" srcset=\"https:\/\/www.voluntariness.org\/wp-content\/uploads\/sites\/2\/2021\/06\/FG_Freiwilligkeit_ws_thinking-voluntariness-neoliberlasim_web-566x800.jpg 566w, https:\/\/www.voluntariness.org\/wp-content\/uploads\/sites\/2\/2021\/06\/FG_Freiwilligkeit_ws_thinking-voluntariness-neoliberlasim_web-177x250.jpg 177w, https:\/\/www.voluntariness.org\/wp-content\/uploads\/sites\/2\/2021\/06\/FG_Freiwilligkeit_ws_thinking-voluntariness-neoliberlasim_web-757x1070.jpg 757w, https:\/\/www.voluntariness.org\/wp-content\/uploads\/sites\/2\/2021\/06\/FG_Freiwilligkeit_ws_thinking-voluntariness-neoliberlasim_web-212x300.jpg 212w, https:\/\/www.voluntariness.org\/wp-content\/uploads\/sites\/2\/2021\/06\/FG_Freiwilligkeit_ws_thinking-voluntariness-neoliberlasim_web-scaled.jpg 1811w\" sizes=\"auto, (max-width: 566px) 100vw, 566px\" \/><\/div>\t\t<\/div>\r\n\t\t\t<\/article>\r\n\t<article class=\"w-grid-item post-11524 attachment type-attachment status-inherit hentry\" data-id=\"11524\">\r\n\t\t<div class=\"w-grid-item-h\">\r\n\t\t\t\t\t\t<div class=\"w-post-elm post_image usg_post_image_1 stretched\"><img loading=\"lazy\" decoding=\"async\" width=\"566\" height=\"800\" src=\"https:\/\/www.voluntariness.org\/wp-content\/uploads\/sites\/2\/2021\/12\/FW_2022_01_ws_poster_web-566x800.jpg\" class=\"attachment-large size-large\" alt=\"\" srcset=\"https:\/\/www.voluntariness.org\/wp-content\/uploads\/sites\/2\/2021\/12\/FW_2022_01_ws_poster_web-566x800.jpg 566w, https:\/\/www.voluntariness.org\/wp-content\/uploads\/sites\/2\/2021\/12\/FW_2022_01_ws_poster_web-177x250.jpg 177w, https:\/\/www.voluntariness.org\/wp-content\/uploads\/sites\/2\/2021\/12\/FW_2022_01_ws_poster_web-757x1070.jpg 757w, https:\/\/www.voluntariness.org\/wp-content\/uploads\/sites\/2\/2021\/12\/FW_2022_01_ws_poster_web-212x300.jpg 212w, https:\/\/www.voluntariness.org\/wp-content\/uploads\/sites\/2\/2021\/12\/FW_2022_01_ws_poster_web-scaled.jpg 1811w\" sizes=\"auto, (max-width: 566px) 100vw, 566px\" \/><\/div>\t\t<\/div>\r\n\t\t\t<\/article>\r\n<\/div><div class=\"l-popup\">\r\n\t<div class=\"l-popup-overlay\"><\/div>\r\n\t<div class=\"l-popup-wrap\">\r\n\t\t<button class=\"l-popup-closer\" type=\"button\" aria-label=\"Schlie\u00dfen\"><\/button>\r\n\t\t\t\t\t<button class=\"l-popup-arrow to_prev hidden\" type=\"button\" title=\"Zur\u00fcck\"><\/button>\r\n\t\t\t<button class=\"l-popup-arrow to_next hidden\" type=\"button\" title=\"Weiter\"><\/button>\r\n\t\t\t\t<div class=\"l-popup-box\">\r\n\t\t\t<div class=\"l-popup-box-content\">\r\n\t\t\t\t<div class=\"g-preloader type_1\">\r\n\t\t\t\t\t<div><\/div>\r\n\t\t\t\t<\/div>\r\n\t\t\t\t<iframe class=\"l-popup-box-content-frame\" allowfullscreen><\/iframe>\r\n\t\t\t<\/div>\r\n\t\t<\/div>\r\n\t<\/div>\r\n<\/div>\r\n<div class=\"w-grid-carousel-json hidden\" onclick='return {&quot;carousel_settings&quot;:{&quot;aria_labels&quot;:{&quot;prev&quot;:&quot;Zur\\u00fcck&quot;,&quot;next&quot;:&quot;Weiter&quot;},&quot;autoplayContinual&quot;:false,&quot;autoplayHoverPause&quot;:false,&quot;autoplayTimeout&quot;:3000,&quot;autoWidth&quot;:false,&quot;smartSpeed&quot;:800,&quot;margin&quot;:0,&quot;mouseDrag&quot;:true,&quot;rtl&quot;:false,&quot;slideBy&quot;:&quot;1&quot;,&quot;touchDrag&quot;:true,&quot;slideTransition&quot;:&quot;&quot;,&quot;responsive&quot;:{&quot;0&quot;:{&quot;autoHeight&quot;:false,&quot;autoplay&quot;:false,&quot;autoWidth&quot;:false,&quot;center&quot;:false,&quot;dots&quot;:true,&quot;items&quot;:1,&quot;loop&quot;:true,&quot;nav&quot;:false,&quot;stagePadding&quot;:0,&quot;slideBy&quot;:&quot;1&quot;},&quot;601&quot;:{&quot;autoHeight&quot;:false,&quot;autoplay&quot;:false,&quot;autoWidth&quot;:false,&quot;center&quot;:false,&quot;dots&quot;:true,&quot;items&quot;:2,&quot;loop&quot;:true,&quot;nav&quot;:true,&quot;stagePadding&quot;:0,&quot;slideBy&quot;:&quot;1&quot;},&quot;1025&quot;:{&quot;autoHeight&quot;:false,&quot;autoplay&quot;:false,&quot;autoWidth&quot;:false,&quot;center&quot;:false,&quot;dots&quot;:true,&quot;items&quot;:3,&quot;loop&quot;:true,&quot;nav&quot;:true,&quot;stagePadding&quot;:0,&quot;slideBy&quot;:&quot;1&quot;},&quot;1381&quot;:{&quot;items&quot;:3,&quot;autoplay&quot;:false,&quot;center&quot;:false,&quot;dots&quot;:true,&quot;nav&quot;:true,&quot;autoHeight&quot;:false,&quot;autoWidth&quot;:false,&quot;loop&quot;:true,&quot;stagePadding&quot;:0}}}}'><\/div><\/div><\/div><\/div><\/div><\/div><\/div><\/section>\n","protected":false},"excerpt":{"rendered":"","protected":false},"author":1,"featured_media":11198,"parent":0,"menu_order":0,"comment_status":"closed","ping_status":"closed","template":"","meta":{"footnotes":""},"class_list":["post-8916","page","type-page","status-publish","has-post-thumbnail","hentry"],"_links":{"self":[{"href":"https:\/\/www.voluntariness.org\/de\/wp-json\/wp\/v2\/pages\/8916","targetHints":{"allow":["GET"]}}],"collection":[{"href":"https:\/\/www.voluntariness.org\/de\/wp-json\/wp\/v2\/pages"}],"about":[{"href":"https:\/\/www.voluntariness.org\/de\/wp-json\/wp\/v2\/types\/page"}],"author":[{"embeddable":true,"href":"https:\/\/www.voluntariness.org\/de\/wp-json\/wp\/v2\/users\/1"}],"replies":[{"embeddable":true,"href":"https:\/\/www.voluntariness.org\/de\/wp-json\/wp\/v2\/comments?post=8916"}],"version-history":[{"count":130,"href":"https:\/\/www.voluntariness.org\/de\/wp-json\/wp\/v2\/pages\/8916\/revisions"}],"predecessor-version":[{"id":16346,"href":"https:\/\/www.voluntariness.org\/de\/wp-json\/wp\/v2\/pages\/8916\/revisions\/16346"}],"wp:featuredmedia":[{"embeddable":true,"href":"https:\/\/www.voluntariness.org\/de\/wp-json\/wp\/v2\/media\/11198"}],"wp:attachment":[{"href":"https:\/\/www.voluntariness.org\/de\/wp-json\/wp\/v2\/media?parent=8916"}],"curies":[{"name":"wp","href":"https:\/\/api.w.org\/{rel}","templated":true}]}}